{"id":18,"date":"2026-04-24T16:12:00","date_gmt":"2026-04-24T19:12:00","guid":{"rendered":"https:\/\/sistemametra.com.br\/blog\/?page_id=18"},"modified":"2026-04-30T20:39:22","modified_gmt":"2026-04-30T23:39:22","slug":"home","status":"publish","type":"page","link":"https:\/\/www.sistemametra.com.br\/blog\/","title":{"rendered":"Home"},"content":{"rendered":"\t\t<div data-elementor-type=\"wp-page\" data-elementor-id=\"18\" class=\"elementor elementor-18\" data-elementor-post-type=\"page\">\n\t\t\t\t<div class=\"elementor-element elementor-element-b545df6 e-con-full e-flex e-con e-parent\" data-id=\"b545df6\" data-element_type=\"container\" data-e-type=\"container\" data-settings=\"{&quot;background_background&quot;:&quot;classic&quot;}\">\n\t\t<div class=\"elementor-element elementor-element-80db0a5 e-con-full e-flex e-con e-child\" data-id=\"80db0a5\" data-element_type=\"container\" data-e-type=\"container\">\n\t\t\t\t<div class=\"elementor-element elementor-element-2bce2cb elementor-widget elementor-widget-icon-box\" data-id=\"2bce2cb\" data-element_type=\"widget\" data-e-type=\"widget\" data-widget_type=\"icon-box.default\">\n\t\t\t\t\t\t\t<div class=\"elementor-icon-box-wrapper\">\n\n\t\t\t\n\t\t\t\t\t\t<div class=\"elementor-icon-box-content\">\n\n\t\t\t\t\t\t\t\t\t<h1 class=\"elementor-icon-box-title\">\n\t\t\t\t\t\t<span  >\n\t\t\t\t\t\t\tBlog Metra - Conte\u00fado Especializado em SST e eSocial\t\t\t\t\t\t<\/span>\n\t\t\t\t\t<\/h1>\n\t\t\t\t\n\t\t\t\t\t\t\t\t\t<p class=\"elementor-icon-box-description\">\n\t\t\t\t\t\tConte\u00fado pr\u00e1tico sobre Sa\u00fade e Seguran\u00e7a do Trabalho: normas, documentos e obriga\u00e7\u00f5es explicados de forma direta para profissionais e empresas.\t\t\t\t\t<\/p>\n\t\t\t\t\n\t\t\t<\/div>\n\t\t\t\n\t\t<\/div>\n\t\t\t\t\t\t<\/div>\n\t\t\t\t<\/div>\n\t\t<div class=\"elementor-element elementor-element-dc3de5d e-con-full e-flex e-con e-child\" data-id=\"dc3de5d\" data-element_type=\"container\" data-e-type=\"container\">\n\t\t\t\t\t\t\t\n\t\t\t<img class=\"e-image-base e-41e7751-0a989fb\" \n\t\t\t\t\tdata-interaction-id=\"41e7751\" \n\t\t \n\t\t data-e-type=\"widget\" data-id=\"41e7751\"\n\t\t\t\t\t\t\t\t\tid=\"60\"\n\t\t\t\t\t\t\t\t\t\t\t\tsrc=\"https:\/\/www.sistemametra.com.br\/blog\/wp-content\/uploads\/2026\/04\/gestor-de-clinicas-de-sst.webp\"\n\t\t\t\t\t\t\t\t\t\t\t\twidth=\"1062\"\n\t\t\t\t\t\t\t\t\t\t\t\theight=\"1297\"\n\t\t\t\t\t\t\t\t\t\t\t\tsrcset=\"https:\/\/www.sistemametra.com.br\/blog\/wp-content\/uploads\/2026\/04\/gestor-de-clinicas-de-sst.webp 1062w, https:\/\/www.sistemametra.com.br\/blog\/wp-content\/uploads\/2026\/04\/gestor-de-clinicas-de-sst-246x300.webp 246w, https:\/\/www.sistemametra.com.br\/blog\/wp-content\/uploads\/2026\/04\/gestor-de-clinicas-de-sst-838x1024.webp 838w, https:\/\/www.sistemametra.com.br\/blog\/wp-content\/uploads\/2026\/04\/gestor-de-clinicas-de-sst-768x938.webp 768w\"\n\t\t\t\t\t\t\t\t\t\t\t\talt=\"fique por dentro das atualiza\u00e7\u00f5es de sst\"\n\t\t\t\t\t\t\/>\n\t\t\t\t\t<\/div>\n\t\t\t\t<\/div>\n\t\t<div class=\"elementor-element elementor-element-b3f257f e-con-full e-flex e-con e-parent\" data-id=\"b3f257f\" data-element_type=\"container\" data-e-type=\"container\" data-settings=\"{&quot;background_background&quot;:&quot;classic&quot;}\">\n\t\t<div class=\"elementor-element elementor-element-bba2643 e-con-full e-flex e-con e-child\" data-id=\"bba2643\" data-element_type=\"container\" data-e-type=\"container\" data-settings=\"{&quot;background_background&quot;:&quot;classic&quot;}\">\n\t\t<div class=\"elementor-element elementor-element-b9d5492 e-con-full e-flex e-con e-child\" data-id=\"b9d5492\" data-element_type=\"container\" data-e-type=\"container\">\n\t\t\t\t<div class=\"elementor-element elementor-element-d067c1b elementor-position-top elementor-widget elementor-widget-image-box\" data-id=\"d067c1b\" data-element_type=\"widget\" data-e-type=\"widget\" data-widget_type=\"image-box.default\">\n\t\t\t\t\t<div class=\"elementor-image-box-wrapper\"><figure class=\"elementor-image-box-img\"><a href=\"https:\/\/www.sistemametra.com.br\/blog\/sst\" tabindex=\"-1\"><img fetchpriority=\"high\" decoding=\"async\" width=\"1672\" height=\"941\" src=\"https:\/\/www.sistemametra.com.br\/blog\/wp-content\/uploads\/2026\/04\/conteudo-sobre-sst.avif\" class=\"attachment-full size-full wp-image-90\" alt=\"conteudo sobre sst\" srcset=\"https:\/\/www.sistemametra.com.br\/blog\/wp-content\/uploads\/2026\/04\/conteudo-sobre-sst.avif 1672w, https:\/\/www.sistemametra.com.br\/blog\/wp-content\/uploads\/2026\/04\/conteudo-sobre-sst-300x169.avif 300w\" sizes=\"(max-width: 1672px) 100vw, 1672px\" \/><\/a><\/figure><div class=\"elementor-image-box-content\"><h2 class=\"elementor-image-box-title\"><a href=\"https:\/\/www.sistemametra.com.br\/blog\/sst\">Conte\u00fado sobre SST<\/a><\/h2><\/div><\/div>\t\t\t\t<\/div>\n\t\t\t\t<\/div>\n\t\t<div class=\"elementor-element elementor-element-edff8e2 e-con-full e-flex e-con e-child\" data-id=\"edff8e2\" data-element_type=\"container\" data-e-type=\"container\">\n\t\t\t\t<div class=\"elementor-element elementor-element-7c7de0a elementor-position-top elementor-widget elementor-widget-image-box\" data-id=\"7c7de0a\" data-element_type=\"widget\" data-e-type=\"widget\" data-widget_type=\"image-box.default\">\n\t\t\t\t\t<div class=\"elementor-image-box-wrapper\"><figure class=\"elementor-image-box-img\"><a href=\"https:\/\/www.sistemametra.com.br\/blog\/esocial\" tabindex=\"-1\"><img decoding=\"async\" width=\"1672\" height=\"941\" src=\"https:\/\/www.sistemametra.com.br\/blog\/wp-content\/uploads\/2026\/04\/conteudo-sobre-esocial.avif\" class=\"attachment-full size-full wp-image-91\" alt=\"conteudo sobre sst\" srcset=\"https:\/\/www.sistemametra.com.br\/blog\/wp-content\/uploads\/2026\/04\/conteudo-sobre-esocial.avif 1672w, https:\/\/www.sistemametra.com.br\/blog\/wp-content\/uploads\/2026\/04\/conteudo-sobre-esocial-300x169.avif 300w\" sizes=\"(max-width: 1672px) 100vw, 1672px\" \/><\/a><\/figure><div class=\"elementor-image-box-content\"><h2 class=\"elementor-image-box-title\"><a href=\"https:\/\/www.sistemametra.com.br\/blog\/esocial\">Conte\u00fado sobre eSocial<\/a><\/h2><\/div><\/div>\t\t\t\t<\/div>\n\t\t\t\t<\/div>\n\t\t\t\t<\/div>\n\t\t\t\t<\/div>\n\t\t<div class=\"elementor-element elementor-element-7d147fe e-flex e-con-boxed e-con e-parent\" data-id=\"7d147fe\" data-element_type=\"container\" data-e-type=\"container\">\n\t\t\t\t\t<div class=\"e-con-inner\">\n\t\t\t\t\t\t\t<h3 \n\t\tdata-interaction-id=\"a1a8ba5\" \n\t\tclass=\"e-a1a8ba5-1128164 e-heading-base\" \n\t\t \n\t\tdata-e-type=\"widget\" data-id=\"a1a8ba5\"\n\t>\n\t\n\t\t\tEm destaque\n\t\t<\/h3>\n\t\t\t\t\t<\/div>\n\t\t\t\t<\/div>\n\t\t<div class=\"elementor-element elementor-element-cf5616b e-flex e-con-boxed e-con e-parent\" data-id=\"cf5616b\" data-element_type=\"container\" data-e-type=\"container\">\n\t\t\t\t\t<div class=\"e-con-inner\">\n\t\t\t\t<div class=\"elementor-element elementor-element-b827183 elementor-grid-3 elementor-grid-tablet-2 elementor-grid-mobile-1 elementor-posts--thumbnail-top elementor-card-shadow-yes elementor-posts__hover-gradient elementor-widget elementor-widget-posts\" data-id=\"b827183\" data-element_type=\"widget\" data-e-type=\"widget\" data-settings=\"{&quot;cards_masonry&quot;:&quot;yes&quot;,&quot;cards_columns&quot;:&quot;3&quot;,&quot;cards_columns_tablet&quot;:&quot;2&quot;,&quot;cards_columns_mobile&quot;:&quot;1&quot;,&quot;cards_row_gap&quot;:{&quot;unit&quot;:&quot;px&quot;,&quot;size&quot;:35,&quot;sizes&quot;:[]},&quot;cards_row_gap_tablet&quot;:{&quot;unit&quot;:&quot;px&quot;,&quot;size&quot;:&quot;&quot;,&quot;sizes&quot;:[]},&quot;cards_row_gap_mobile&quot;:{&quot;unit&quot;:&quot;px&quot;,&quot;size&quot;:&quot;&quot;,&quot;sizes&quot;:[]}}\" data-widget_type=\"posts.cards\">\n\t\t\t\t<div class=\"elementor-widget-container\">\n\t\t\t\t\t\t\t<div class=\"elementor-posts-container elementor-posts elementor-posts--skin-cards elementor-grid\" role=\"list\">\n\t\t\t\t<article class=\"elementor-post elementor-grid-item post-1026 post type-post status-publish format-standard has-post-thumbnail hentry category-seguranca-do-trabalho category-sst tag-informativo tag-o-que-e-seguranca-do-trabalho tag-seguranca-do-trabalho-o-que-e\" role=\"listitem\">\n\t\t\t<div class=\"elementor-post__card\">\n\t\t\t\t<a class=\"elementor-post__thumbnail__link\" href=\"https:\/\/www.sistemametra.com.br\/blog\/guia-sobre-seguranca-do-trabalho\/\" tabindex=\"-1\" ><div class=\"elementor-post__thumbnail\"><img decoding=\"async\" width=\"1200\" height=\"675\" src=\"https:\/\/www.sistemametra.com.br\/blog\/wp-content\/uploads\/2026\/05\/seguranca-do-trabalho.webp\" class=\"attachment-full size-full wp-image-1027\" alt=\"o que seguran\u00e7a do trabalho faz\" srcset=\"https:\/\/www.sistemametra.com.br\/blog\/wp-content\/uploads\/2026\/05\/seguranca-do-trabalho.webp 1200w, https:\/\/www.sistemametra.com.br\/blog\/wp-content\/uploads\/2026\/05\/seguranca-do-trabalho-300x169.webp 300w, https:\/\/www.sistemametra.com.br\/blog\/wp-content\/uploads\/2026\/05\/seguranca-do-trabalho-1024x576.webp 1024w, https:\/\/www.sistemametra.com.br\/blog\/wp-content\/uploads\/2026\/05\/seguranca-do-trabalho-768x432.webp 768w\" sizes=\"(max-width: 1200px) 100vw, 1200px\" \/><\/div><\/a>\n\t\t\t\t<div class=\"elementor-post__badge\">Seguran\u00e7a do Trabalho<\/div>\n\t\t\t\t<div class=\"elementor-post__text\">\n\t\t\t\t<h3 class=\"elementor-post__title\">\n\t\t\t<a href=\"https:\/\/www.sistemametra.com.br\/blog\/guia-sobre-seguranca-do-trabalho\/\" >\n\t\t\t\tSeguran\u00e7a do Trabalho: O Que \u00c9, O Que Faz e Como Protege Empresas e Trabalhadores\t\t\t<\/a>\n\t\t<\/h3>\n\t\t\t\t<div class=\"elementor-post__excerpt\">\n\t\t\t<p>Seguran\u00e7a do Trabalho \u00e9 a \u00e1rea que cuida da preven\u00e7\u00e3o de acidentes, doen\u00e7as ocupacionais e riscos no ambiente de trabalho.<\/p>\n\t\t<\/div>\n\t\t\t\t<\/div>\n\t\t\t\t<div class=\"elementor-post__meta-data\">\n\t\t\t\t\t<span class=\"elementor-post-author\">\n\t\t\tAnderson Fernandes\t\t<\/span>\n\t\t\t\t<span class=\"elementor-post-date\">\n\t\t\t2 de maio de 2026\t\t<\/span>\n\t\t\t\t<\/div>\n\t\t\t\t\t<\/div>\n\t\t<\/article>\n\t\t\t\t<article class=\"elementor-post elementor-grid-item post-960 post type-post status-publish format-standard has-post-thumbnail hentry category-seguranca-do-trabalho category-sst tag-informativo tag-o-que-e-sst tag-sst-seguranca-do-trabalho\" role=\"listitem\">\n\t\t\t<div class=\"elementor-post__card\">\n\t\t\t\t<a class=\"elementor-post__thumbnail__link\" href=\"https:\/\/www.sistemametra.com.br\/blog\/o-que-e-sst-seguranca-do-trabalho\/\" tabindex=\"-1\" ><div class=\"elementor-post__thumbnail\"><img loading=\"lazy\" decoding=\"async\" width=\"1200\" height=\"675\" src=\"https:\/\/www.sistemametra.com.br\/blog\/wp-content\/uploads\/2026\/04\/sst-seguranca-do-trabalho.webp\" class=\"attachment-full size-full wp-image-963\" alt=\"sst seguran\u00e7a do trabalho\" srcset=\"https:\/\/www.sistemametra.com.br\/blog\/wp-content\/uploads\/2026\/04\/sst-seguranca-do-trabalho.webp 1200w, https:\/\/www.sistemametra.com.br\/blog\/wp-content\/uploads\/2026\/04\/sst-seguranca-do-trabalho-300x169.webp 300w, https:\/\/www.sistemametra.com.br\/blog\/wp-content\/uploads\/2026\/04\/sst-seguranca-do-trabalho-1024x576.webp 1024w, https:\/\/www.sistemametra.com.br\/blog\/wp-content\/uploads\/2026\/04\/sst-seguranca-do-trabalho-768x432.webp 768w\" sizes=\"(max-width: 1200px) 100vw, 1200px\" \/><\/div><\/a>\n\t\t\t\t<div class=\"elementor-post__badge\">Seguran\u00e7a do Trabalho<\/div>\n\t\t\t\t<div class=\"elementor-post__text\">\n\t\t\t\t<h3 class=\"elementor-post__title\">\n\t\t\t<a href=\"https:\/\/www.sistemametra.com.br\/blog\/o-que-e-sst-seguranca-do-trabalho\/\" >\n\t\t\t\tO que \u00e9 SST? Entenda a Seguran\u00e7a do Trabalho na Pr\u00e1tica\t\t\t<\/a>\n\t\t<\/h3>\n\t\t\t\t<div class=\"elementor-post__excerpt\">\n\t\t\t<p>Na pr\u00e1tica, ela re\u00fane a\u00e7\u00f5es, normas, documentos e controles usados para proteger trabalhadores contra acidentes, doen\u00e7as ocupacionais e riscos no<\/p>\n\t\t<\/div>\n\t\t\t\t<\/div>\n\t\t\t\t<div class=\"elementor-post__meta-data\">\n\t\t\t\t\t<span class=\"elementor-post-author\">\n\t\t\tAnderson Fernandes\t\t<\/span>\n\t\t\t\t<span class=\"elementor-post-date\">\n\t\t\t30 de abril de 2026\t\t<\/span>\n\t\t\t\t<\/div>\n\t\t\t\t\t<\/div>\n\t\t<\/article>\n\t\t\t\t<article class=\"elementor-post elementor-grid-item post-920 post type-post status-publish format-standard has-post-thumbnail hentry category-gestao-de-sst category-sst tag-informativo\" role=\"listitem\">\n\t\t\t<div class=\"elementor-post__card\">\n\t\t\t\t<a class=\"elementor-post__thumbnail__link\" href=\"https:\/\/www.sistemametra.com.br\/blog\/melhores-softwares-de-sst\/\" tabindex=\"-1\" ><div class=\"elementor-post__thumbnail\"><img loading=\"lazy\" decoding=\"async\" width=\"1025\" height=\"577\" src=\"https:\/\/www.sistemametra.com.br\/blog\/wp-content\/uploads\/2026\/04\/melhores-softwares-de-sst-2026.webp\" class=\"attachment-full size-full wp-image-921\" alt=\"analise o software de sst ideal para sua opera\u00e7\u00e3o\" srcset=\"https:\/\/www.sistemametra.com.br\/blog\/wp-content\/uploads\/2026\/04\/melhores-softwares-de-sst-2026.webp 1025w, https:\/\/www.sistemametra.com.br\/blog\/wp-content\/uploads\/2026\/04\/melhores-softwares-de-sst-2026-300x169.webp 300w, https:\/\/www.sistemametra.com.br\/blog\/wp-content\/uploads\/2026\/04\/melhores-softwares-de-sst-2026-768x432.webp 768w\" sizes=\"(max-width: 1025px) 100vw, 1025px\" \/><\/div><\/a>\n\t\t\t\t<div class=\"elementor-post__badge\">Gest\u00e3o de SST<\/div>\n\t\t\t\t<div class=\"elementor-post__text\">\n\t\t\t\t<h3 class=\"elementor-post__title\">\n\t\t\t<a href=\"https:\/\/www.sistemametra.com.br\/blog\/melhores-softwares-de-sst\/\" >\n\t\t\t\tMelhores Softwares de SST em 2026: Como Escolher por Perfil de Opera\u00e7\u00e3o\t\t\t<\/a>\n\t\t<\/h3>\n\t\t\t\t<div class=\"elementor-post__excerpt\">\n\t\t\t<p>Escolher entre os melhores softwares de SST em 2026 n\u00e3o deve come\u00e7ar apenas por uma lista de fornecedores. Deve come\u00e7ar<\/p>\n\t\t<\/div>\n\t\t\t\t<\/div>\n\t\t\t\t<div class=\"elementor-post__meta-data\">\n\t\t\t\t\t<span class=\"elementor-post-author\">\n\t\t\tAnderson Fernandes\t\t<\/span>\n\t\t\t\t<span class=\"elementor-post-date\">\n\t\t\t30 de abril de 2026\t\t<\/span>\n\t\t\t\t<\/div>\n\t\t\t\t\t<\/div>\n\t\t<\/article>\n\t\t\t\t<\/div>\n\t\t\n\t\t\t\t\t\t<\/div>\n\t\t\t\t<\/div>\n\t\t\t\t\t<\/div>\n\t\t\t\t<\/div>\n\t\t<div class=\"elementor-element elementor-element-97624ab e-flex e-con-boxed e-con e-parent\" data-id=\"97624ab\" data-element_type=\"container\" data-e-type=\"container\">\n\t\t\t\t\t<div class=\"e-con-inner\">\n\t\t\t\t\t\t\t<h3 \n\t\tdata-interaction-id=\"ad16db2\" \n\t\tclass=\"e-ad16db2-f3a412a e-heading-base\" \n\t\t \n\t\tdata-e-type=\"widget\" data-id=\"ad16db2\"\n\t>\n\t\n\t\t\tUniverso da SST\n\t\t<\/h3>\n\t\t\t\t\t<\/div>\n\t\t\t\t<\/div>\n\t\t<div class=\"elementor-element elementor-element-58f908f e-flex e-con-boxed e-con e-parent\" data-id=\"58f908f\" data-element_type=\"container\" data-e-type=\"container\">\n\t\t\t\t\t<div class=\"e-con-inner\">\n\t\t\t\t<div class=\"elementor-element elementor-element-9410d14 elementor-grid-3 elementor-grid-tablet-2 elementor-grid-mobile-1 elementor-posts--thumbnail-top elementor-card-shadow-yes elementor-posts__hover-gradient elementor-widget elementor-widget-posts\" data-id=\"9410d14\" data-element_type=\"widget\" data-e-type=\"widget\" data-settings=\"{&quot;cards_masonry&quot;:&quot;yes&quot;,&quot;cards_columns&quot;:&quot;3&quot;,&quot;cards_columns_tablet&quot;:&quot;2&quot;,&quot;cards_columns_mobile&quot;:&quot;1&quot;,&quot;cards_row_gap&quot;:{&quot;unit&quot;:&quot;px&quot;,&quot;size&quot;:35,&quot;sizes&quot;:[]},&quot;cards_row_gap_tablet&quot;:{&quot;unit&quot;:&quot;px&quot;,&quot;size&quot;:&quot;&quot;,&quot;sizes&quot;:[]},&quot;cards_row_gap_mobile&quot;:{&quot;unit&quot;:&quot;px&quot;,&quot;size&quot;:&quot;&quot;,&quot;sizes&quot;:[]}}\" data-widget_type=\"posts.cards\">\n\t\t\t\t<div class=\"elementor-widget-container\">\n\t\t\t\t\t\t\t<div class=\"elementor-posts-container elementor-posts elementor-posts--skin-cards elementor-grid\" role=\"list\">\n\t\t\t\t<article class=\"elementor-post elementor-grid-item post-1026 post type-post status-publish format-standard has-post-thumbnail hentry category-seguranca-do-trabalho category-sst tag-informativo tag-o-que-e-seguranca-do-trabalho tag-seguranca-do-trabalho-o-que-e\" role=\"listitem\">\n\t\t\t<div class=\"elementor-post__card\">\n\t\t\t\t<a class=\"elementor-post__thumbnail__link\" href=\"https:\/\/www.sistemametra.com.br\/blog\/guia-sobre-seguranca-do-trabalho\/\" tabindex=\"-1\" ><div class=\"elementor-post__thumbnail\"><img decoding=\"async\" width=\"1200\" height=\"675\" src=\"https:\/\/www.sistemametra.com.br\/blog\/wp-content\/uploads\/2026\/05\/seguranca-do-trabalho.webp\" class=\"attachment-full size-full wp-image-1027\" alt=\"o que seguran\u00e7a do trabalho faz\" srcset=\"https:\/\/www.sistemametra.com.br\/blog\/wp-content\/uploads\/2026\/05\/seguranca-do-trabalho.webp 1200w, https:\/\/www.sistemametra.com.br\/blog\/wp-content\/uploads\/2026\/05\/seguranca-do-trabalho-300x169.webp 300w, https:\/\/www.sistemametra.com.br\/blog\/wp-content\/uploads\/2026\/05\/seguranca-do-trabalho-1024x576.webp 1024w, https:\/\/www.sistemametra.com.br\/blog\/wp-content\/uploads\/2026\/05\/seguranca-do-trabalho-768x432.webp 768w\" sizes=\"(max-width: 1200px) 100vw, 1200px\" \/><\/div><\/a>\n\t\t\t\t<div class=\"elementor-post__badge\">Seguran\u00e7a do Trabalho<\/div>\n\t\t\t\t<div class=\"elementor-post__text\">\n\t\t\t\t<h3 class=\"elementor-post__title\">\n\t\t\t<a href=\"https:\/\/www.sistemametra.com.br\/blog\/guia-sobre-seguranca-do-trabalho\/\" >\n\t\t\t\tSeguran\u00e7a do Trabalho: O Que \u00c9, O Que Faz e Como Protege Empresas e Trabalhadores\t\t\t<\/a>\n\t\t<\/h3>\n\t\t\t\t<div class=\"elementor-post__excerpt\">\n\t\t\t<p>Seguran\u00e7a do Trabalho \u00e9 a \u00e1rea que cuida da preven\u00e7\u00e3o de acidentes, doen\u00e7as ocupacionais e riscos no ambiente de trabalho.<\/p>\n\t\t<\/div>\n\t\t\t\t<\/div>\n\t\t\t\t<div class=\"elementor-post__meta-data\">\n\t\t\t\t\t<span class=\"elementor-post-author\">\n\t\t\tAnderson Fernandes\t\t<\/span>\n\t\t\t\t<span class=\"elementor-post-date\">\n\t\t\t2 de maio de 2026\t\t<\/span>\n\t\t\t\t<\/div>\n\t\t\t\t\t<\/div>\n\t\t<\/article>\n\t\t\t\t<article class=\"elementor-post elementor-grid-item post-998 post type-post status-publish format-standard has-post-thumbnail hentry category-seguranca-do-trabalho category-sst tag-epi tag-equipamento-de-protecao-individual tag-equipamento-de-seguranca-individual\" role=\"listitem\">\n\t\t\t<div class=\"elementor-post__card\">\n\t\t\t\t<a class=\"elementor-post__thumbnail__link\" href=\"https:\/\/www.sistemametra.com.br\/blog\/epi-equipamento-de-protecao-individual\/\" tabindex=\"-1\" ><div class=\"elementor-post__thumbnail\"><img loading=\"lazy\" decoding=\"async\" width=\"1200\" height=\"675\" src=\"https:\/\/www.sistemametra.com.br\/blog\/wp-content\/uploads\/2026\/05\/o-que-e-epi.webp\" class=\"attachment-full size-full wp-image-1000\" alt=\"Equipamento de Prote\u00e7\u00e3o Individual\" srcset=\"https:\/\/www.sistemametra.com.br\/blog\/wp-content\/uploads\/2026\/05\/o-que-e-epi.webp 1200w, https:\/\/www.sistemametra.com.br\/blog\/wp-content\/uploads\/2026\/05\/o-que-e-epi-300x169.webp 300w, https:\/\/www.sistemametra.com.br\/blog\/wp-content\/uploads\/2026\/05\/o-que-e-epi-1024x576.webp 1024w, https:\/\/www.sistemametra.com.br\/blog\/wp-content\/uploads\/2026\/05\/o-que-e-epi-768x432.webp 768w\" sizes=\"(max-width: 1200px) 100vw, 1200px\" \/><\/div><\/a>\n\t\t\t\t<div class=\"elementor-post__badge\">Seguran\u00e7a do Trabalho<\/div>\n\t\t\t\t<div class=\"elementor-post__text\">\n\t\t\t\t<h3 class=\"elementor-post__title\">\n\t\t\t<a href=\"https:\/\/www.sistemametra.com.br\/blog\/epi-equipamento-de-protecao-individual\/\" >\n\t\t\t\tO que \u00e9 EPI: Entenda o Equipamento de Prote\u00e7\u00e3o Individual\t\t\t<\/a>\n\t\t<\/h3>\n\t\t\t\t<div class=\"elementor-post__excerpt\">\n\t\t\t<p>EPI \u00e9 a sigla para Equipamento de Prote\u00e7\u00e3o Individual. Na pr\u00e1tica, \u00e9 todo equipamento usado pelo trabalhador para reduzir riscos<\/p>\n\t\t<\/div>\n\t\t\t\t<\/div>\n\t\t\t\t<div class=\"elementor-post__meta-data\">\n\t\t\t\t\t<span class=\"elementor-post-author\">\n\t\t\tAnderson Fernandes\t\t<\/span>\n\t\t\t\t<span class=\"elementor-post-date\">\n\t\t\t1 de maio de 2026\t\t<\/span>\n\t\t\t\t<\/div>\n\t\t\t\t\t<\/div>\n\t\t<\/article>\n\t\t\t\t<article class=\"elementor-post elementor-grid-item post-960 post type-post status-publish format-standard has-post-thumbnail hentry category-seguranca-do-trabalho category-sst tag-informativo tag-o-que-e-sst tag-sst-seguranca-do-trabalho\" role=\"listitem\">\n\t\t\t<div class=\"elementor-post__card\">\n\t\t\t\t<a class=\"elementor-post__thumbnail__link\" href=\"https:\/\/www.sistemametra.com.br\/blog\/o-que-e-sst-seguranca-do-trabalho\/\" tabindex=\"-1\" ><div class=\"elementor-post__thumbnail\"><img loading=\"lazy\" decoding=\"async\" width=\"1200\" height=\"675\" src=\"https:\/\/www.sistemametra.com.br\/blog\/wp-content\/uploads\/2026\/04\/sst-seguranca-do-trabalho.webp\" class=\"attachment-full size-full wp-image-963\" alt=\"sst seguran\u00e7a do trabalho\" srcset=\"https:\/\/www.sistemametra.com.br\/blog\/wp-content\/uploads\/2026\/04\/sst-seguranca-do-trabalho.webp 1200w, https:\/\/www.sistemametra.com.br\/blog\/wp-content\/uploads\/2026\/04\/sst-seguranca-do-trabalho-300x169.webp 300w, https:\/\/www.sistemametra.com.br\/blog\/wp-content\/uploads\/2026\/04\/sst-seguranca-do-trabalho-1024x576.webp 1024w, https:\/\/www.sistemametra.com.br\/blog\/wp-content\/uploads\/2026\/04\/sst-seguranca-do-trabalho-768x432.webp 768w\" sizes=\"(max-width: 1200px) 100vw, 1200px\" \/><\/div><\/a>\n\t\t\t\t<div class=\"elementor-post__badge\">Seguran\u00e7a do Trabalho<\/div>\n\t\t\t\t<div class=\"elementor-post__text\">\n\t\t\t\t<h3 class=\"elementor-post__title\">\n\t\t\t<a href=\"https:\/\/www.sistemametra.com.br\/blog\/o-que-e-sst-seguranca-do-trabalho\/\" >\n\t\t\t\tO que \u00e9 SST? Entenda a Seguran\u00e7a do Trabalho na Pr\u00e1tica\t\t\t<\/a>\n\t\t<\/h3>\n\t\t\t\t<div class=\"elementor-post__excerpt\">\n\t\t\t<p>Na pr\u00e1tica, ela re\u00fane a\u00e7\u00f5es, normas, documentos e controles usados para proteger trabalhadores contra acidentes, doen\u00e7as ocupacionais e riscos no<\/p>\n\t\t<\/div>\n\t\t\t\t<\/div>\n\t\t\t\t<div class=\"elementor-post__meta-data\">\n\t\t\t\t\t<span class=\"elementor-post-author\">\n\t\t\tAnderson Fernandes\t\t<\/span>\n\t\t\t\t<span class=\"elementor-post-date\">\n\t\t\t30 de abril de 2026\t\t<\/span>\n\t\t\t\t<\/div>\n\t\t\t\t\t<\/div>\n\t\t<\/article>\n\t\t\t\t<article class=\"elementor-post elementor-grid-item post-920 post type-post status-publish format-standard has-post-thumbnail hentry category-gestao-de-sst category-sst tag-informativo\" role=\"listitem\">\n\t\t\t<div class=\"elementor-post__card\">\n\t\t\t\t<a class=\"elementor-post__thumbnail__link\" href=\"https:\/\/www.sistemametra.com.br\/blog\/melhores-softwares-de-sst\/\" tabindex=\"-1\" ><div class=\"elementor-post__thumbnail\"><img loading=\"lazy\" decoding=\"async\" width=\"1025\" height=\"577\" src=\"https:\/\/www.sistemametra.com.br\/blog\/wp-content\/uploads\/2026\/04\/melhores-softwares-de-sst-2026.webp\" class=\"attachment-full size-full wp-image-921\" alt=\"analise o software de sst ideal para sua opera\u00e7\u00e3o\" srcset=\"https:\/\/www.sistemametra.com.br\/blog\/wp-content\/uploads\/2026\/04\/melhores-softwares-de-sst-2026.webp 1025w, https:\/\/www.sistemametra.com.br\/blog\/wp-content\/uploads\/2026\/04\/melhores-softwares-de-sst-2026-300x169.webp 300w, https:\/\/www.sistemametra.com.br\/blog\/wp-content\/uploads\/2026\/04\/melhores-softwares-de-sst-2026-768x432.webp 768w\" sizes=\"(max-width: 1025px) 100vw, 1025px\" \/><\/div><\/a>\n\t\t\t\t<div class=\"elementor-post__badge\">Gest\u00e3o de SST<\/div>\n\t\t\t\t<div class=\"elementor-post__text\">\n\t\t\t\t<h3 class=\"elementor-post__title\">\n\t\t\t<a href=\"https:\/\/www.sistemametra.com.br\/blog\/melhores-softwares-de-sst\/\" >\n\t\t\t\tMelhores Softwares de SST em 2026: Como Escolher por Perfil de Opera\u00e7\u00e3o\t\t\t<\/a>\n\t\t<\/h3>\n\t\t\t\t<div class=\"elementor-post__excerpt\">\n\t\t\t<p>Escolher entre os melhores softwares de SST em 2026 n\u00e3o deve come\u00e7ar apenas por uma lista de fornecedores. Deve come\u00e7ar<\/p>\n\t\t<\/div>\n\t\t\t\t<\/div>\n\t\t\t\t<div class=\"elementor-post__meta-data\">\n\t\t\t\t\t<span class=\"elementor-post-author\">\n\t\t\tAnderson Fernandes\t\t<\/span>\n\t\t\t\t<span class=\"elementor-post-date\">\n\t\t\t30 de abril de 2026\t\t<\/span>\n\t\t\t\t<\/div>\n\t\t\t\t\t<\/div>\n\t\t<\/article>\n\t\t\t\t<article class=\"elementor-post elementor-grid-item post-664 post type-post status-publish format-standard has-post-thumbnail hentry category-gestao-de-sst\" role=\"listitem\">\n\t\t\t<div class=\"elementor-post__card\">\n\t\t\t\t<a class=\"elementor-post__thumbnail__link\" href=\"https:\/\/www.sistemametra.com.br\/blog\/software-gestao-seguranca-do-trabalho\/\" tabindex=\"-1\" ><div class=\"elementor-post__thumbnail\"><img loading=\"lazy\" decoding=\"async\" width=\"800\" height=\"800\" src=\"https:\/\/www.sistemametra.com.br\/blog\/wp-content\/uploads\/2026\/04\/software-gestao-seguranca-do-trabalho.webp\" class=\"attachment-full size-full wp-image-665\" alt=\"melhores software para gest\u00e3o de seguran\u00e7a do trabalho | Blog Metra\" srcset=\"https:\/\/www.sistemametra.com.br\/blog\/wp-content\/uploads\/2026\/04\/software-gestao-seguranca-do-trabalho.webp 800w, https:\/\/www.sistemametra.com.br\/blog\/wp-content\/uploads\/2026\/04\/software-gestao-seguranca-do-trabalho-300x300.webp 300w, https:\/\/www.sistemametra.com.br\/blog\/wp-content\/uploads\/2026\/04\/software-gestao-seguranca-do-trabalho-150x150.webp 150w, https:\/\/www.sistemametra.com.br\/blog\/wp-content\/uploads\/2026\/04\/software-gestao-seguranca-do-trabalho-768x768.webp 768w\" sizes=\"(max-width: 800px) 100vw, 800px\" \/><\/div><\/a>\n\t\t\t\t<div class=\"elementor-post__badge\">Gest\u00e3o de SST<\/div>\n\t\t\t\t<div class=\"elementor-post__text\">\n\t\t\t\t<h3 class=\"elementor-post__title\">\n\t\t\t<a href=\"https:\/\/www.sistemametra.com.br\/blog\/software-gestao-seguranca-do-trabalho\/\" >\n\t\t\t\tComo Avaliar o Software Ideal para gest\u00e3o de seguran\u00e7a do trabalho\t\t\t<\/a>\n\t\t<\/h3>\n\t\t\t\t<div class=\"elementor-post__excerpt\">\n\t\t\t<p>Aqui na empresa Sistema METRA, voc\u00ea encontra o melhor software para<\/p>\n\t\t<\/div>\n\t\t\t\t<\/div>\n\t\t\t\t<div class=\"elementor-post__meta-data\">\n\t\t\t\t\t<span class=\"elementor-post-author\">\n\t\t\tAnderson Fernandes\t\t<\/span>\n\t\t\t\t<span class=\"elementor-post-date\">\n\t\t\t25 de abril de 2026\t\t<\/span>\n\t\t\t\t<\/div>\n\t\t\t\t\t<\/div>\n\t\t<\/article>\n\t\t\t\t<article class=\"elementor-post elementor-grid-item post-666 post type-post status-publish format-standard has-post-thumbnail hentry category-gestao-de-sst\" role=\"listitem\">\n\t\t\t<div class=\"elementor-post__card\">\n\t\t\t\t<a class=\"elementor-post__thumbnail__link\" href=\"https:\/\/www.sistemametra.com.br\/blog\/software-gestao-sst\/\" tabindex=\"-1\" ><div class=\"elementor-post__thumbnail\"><img loading=\"lazy\" decoding=\"async\" width=\"800\" height=\"800\" src=\"https:\/\/www.sistemametra.com.br\/blog\/wp-content\/uploads\/2026\/04\/software-gestao-sst.webp\" class=\"attachment-full size-full wp-image-667\" alt=\"melhores software para gest\u00e3o de sst | Blog Metra\" srcset=\"https:\/\/www.sistemametra.com.br\/blog\/wp-content\/uploads\/2026\/04\/software-gestao-sst.webp 800w, https:\/\/www.sistemametra.com.br\/blog\/wp-content\/uploads\/2026\/04\/software-gestao-sst-300x300.webp 300w, https:\/\/www.sistemametra.com.br\/blog\/wp-content\/uploads\/2026\/04\/software-gestao-sst-150x150.webp 150w, https:\/\/www.sistemametra.com.br\/blog\/wp-content\/uploads\/2026\/04\/software-gestao-sst-768x768.webp 768w\" sizes=\"(max-width: 800px) 100vw, 800px\" \/><\/div><\/a>\n\t\t\t\t<div class=\"elementor-post__badge\">Gest\u00e3o de SST<\/div>\n\t\t\t\t<div class=\"elementor-post__text\">\n\t\t\t\t<h3 class=\"elementor-post__title\">\n\t\t\t<a href=\"https:\/\/www.sistemametra.com.br\/blog\/software-gestao-sst\/\" >\n\t\t\t\tComo Avaliar o Software Ideal para gest\u00e3o de sst\t\t\t<\/a>\n\t\t<\/h3>\n\t\t\t\t<div class=\"elementor-post__excerpt\">\n\t\t\t<p>Voc\u00ea j\u00e1 ouviu falar sobre o software para gest\u00e3o de sst? Se voc\u00ea \u00e9 um profissional respons\u00e1vel pela \u00e1rea de<\/p>\n\t\t<\/div>\n\t\t\t\t<\/div>\n\t\t\t\t<div class=\"elementor-post__meta-data\">\n\t\t\t\t\t<span class=\"elementor-post-author\">\n\t\t\tAnderson Fernandes\t\t<\/span>\n\t\t\t\t<span class=\"elementor-post-date\">\n\t\t\t25 de abril de 2026\t\t<\/span>\n\t\t\t\t<\/div>\n\t\t\t\t\t<\/div>\n\t\t<\/article>\n\t\t\t\t<\/div>\n\t\t\n\t\t\t\t\t\t<\/div>\n\t\t\t\t<\/div>\n\t\t\t\t\t<\/div>\n\t\t\t\t<\/div>\n\t\t<div class=\"elementor-element elementor-element-756453b e-con-full e-flex e-con e-parent\" data-id=\"756453b\" data-element_type=\"container\" data-e-type=\"container\">\n\t\t\t\t<div class=\"elementor-element elementor-element-0b8ae29 elementor-cta--layout-image-left elementor-cta--mobile-layout-image-above elementor-cta--skin-classic elementor-animated-content elementor-widget elementor-widget-call-to-action\" data-id=\"0b8ae29\" data-element_type=\"widget\" data-e-type=\"widget\" data-widget_type=\"call-to-action.default\">\n\t\t\t\t\t\t\t<div class=\"elementor-cta\">\n\t\t\t\t\t<div class=\"elementor-cta__bg-wrapper\">\n\t\t\t\t<div class=\"elementor-cta__bg elementor-bg\" style=\"background-image: url(https:\/\/www.sistemametra.com.br\/blog\/wp-content\/uploads\/2026\/04\/software-da-metra-para-sst.avif);\" role=\"img\" aria-label=\"software metra para sst\"><\/div>\n\t\t\t\t<div class=\"elementor-cta__bg-overlay\"><\/div>\n\t\t\t<\/div>\n\t\t\t\t\t\t\t<div class=\"elementor-cta__content\">\n\t\t\t\t\n\t\t\t\t\t\t\t\t\t<h3 class=\"elementor-cta__title elementor-cta__content-item elementor-content-item\">\n\t\t\t\t\t\tPotencialize sua gest\u00e3o de SST com o Metra\t\t\t\t\t<\/h3>\n\t\t\t\t\n\t\t\t\t\t\t\t\t\t<div class=\"elementor-cta__description elementor-cta__content-item elementor-content-item\">\n\t\t\t\t\t\tQuer elevar a gest\u00e3o de Sa\u00fade e Seguran\u00e7a do Trabalho dos seus clientes? Fale com a equipe comercial da Metra e conhe\u00e7a solu\u00e7\u00f5es sob medida para a sua necessidade\t\t\t\t\t<\/div>\n\t\t\t\t\n\t\t\t\t\t\t\t\t\t<div class=\"elementor-cta__button-wrapper elementor-cta__content-item elementor-content-item \">\n\t\t\t\t\t<a class=\"elementor-cta__button elementor-button elementor-size-\" href=\"https:\/\/www.sistemametra.com.br\/contato\/\" target=\"_blank\">\n\t\t\t\t\t\tSAIBA MAIS\t\t\t\t\t<\/a>\n\t\t\t\t\t<\/div>\n\t\t\t\t\t\t\t<\/div>\n\t\t\t\t\t\t\t<div class=\"elementor-ribbon\">\n\t\t\t\t<div class=\"elementor-ribbon-inner\">\n\t\t\t\t\tMetra\t\t\t\t<\/div>\n\t\t\t<\/div>\n\t\t\t\t<\/div>\n\t\t\t\t\t\t<\/div>\n\t\t\t\t<\/div>\n\t\t<div class=\"elementor-element elementor-element-aa5a391 e-flex e-con-boxed e-con e-parent\" data-id=\"aa5a391\" data-element_type=\"container\" data-e-type=\"container\">\n\t\t\t\t\t<div class=\"e-con-inner\">\n\t\t\t\t\t\t\t<h3 \n\t\tdata-interaction-id=\"9f4ebf9\" \n\t\tclass=\"e-9f4ebf9-ac81ab9 e-heading-base\" \n\t\t \n\t\tdata-e-type=\"widget\" data-id=\"9f4ebf9\"\n\t>\n\t\n\t\t\tUniverso do eSocial\n\t\t<\/h3>\n\t\t\t\t\t<\/div>\n\t\t\t\t<\/div>\n\t\t<div class=\"elementor-element elementor-element-3555610 e-flex e-con-boxed e-con e-parent\" data-id=\"3555610\" data-element_type=\"container\" data-e-type=\"container\">\n\t\t\t\t\t<div class=\"e-con-inner\">\n\t\t\t\t<div class=\"elementor-element elementor-element-997f35e elementor-grid-3 elementor-grid-tablet-2 elementor-grid-mobile-1 elementor-posts--thumbnail-top elementor-card-shadow-yes elementor-posts__hover-gradient elementor-widget elementor-widget-posts\" data-id=\"997f35e\" data-element_type=\"widget\" data-e-type=\"widget\" data-settings=\"{&quot;cards_masonry&quot;:&quot;yes&quot;,&quot;cards_columns&quot;:&quot;3&quot;,&quot;cards_columns_tablet&quot;:&quot;2&quot;,&quot;cards_columns_mobile&quot;:&quot;1&quot;,&quot;cards_row_gap&quot;:{&quot;unit&quot;:&quot;px&quot;,&quot;size&quot;:35,&quot;sizes&quot;:[]},&quot;cards_row_gap_tablet&quot;:{&quot;unit&quot;:&quot;px&quot;,&quot;size&quot;:&quot;&quot;,&quot;sizes&quot;:[]},&quot;cards_row_gap_mobile&quot;:{&quot;unit&quot;:&quot;px&quot;,&quot;size&quot;:&quot;&quot;,&quot;sizes&quot;:[]}}\" data-widget_type=\"posts.cards\">\n\t\t\t\t<div class=\"elementor-widget-container\">\n\t\t\t\t\t\t\t<div class=\"elementor-posts-container elementor-posts elementor-posts--skin-cards elementor-grid\" role=\"list\">\n\t\t\t\t<article class=\"elementor-post elementor-grid-item post-670 post type-post status-publish format-standard has-post-thumbnail hentry category-esocial category-software-para-esocial\" role=\"listitem\">\n\t\t\t<div class=\"elementor-post__card\">\n\t\t\t\t<a class=\"elementor-post__thumbnail__link\" href=\"https:\/\/www.sistemametra.com.br\/blog\/software-medicina-do-trabalho-esocial\/\" tabindex=\"-1\" ><div class=\"elementor-post__thumbnail\"><img loading=\"lazy\" decoding=\"async\" width=\"800\" height=\"800\" src=\"https:\/\/www.sistemametra.com.br\/blog\/wp-content\/uploads\/2026\/04\/software-medicina-do-trabalho-esocial.webp\" class=\"attachment-full size-full wp-image-671\" alt=\"melhores software para medicina do trabalho com esocial | Blog Metra\" srcset=\"https:\/\/www.sistemametra.com.br\/blog\/wp-content\/uploads\/2026\/04\/software-medicina-do-trabalho-esocial.webp 800w, https:\/\/www.sistemametra.com.br\/blog\/wp-content\/uploads\/2026\/04\/software-medicina-do-trabalho-esocial-300x300.webp 300w, https:\/\/www.sistemametra.com.br\/blog\/wp-content\/uploads\/2026\/04\/software-medicina-do-trabalho-esocial-150x150.webp 150w, https:\/\/www.sistemametra.com.br\/blog\/wp-content\/uploads\/2026\/04\/software-medicina-do-trabalho-esocial-768x768.webp 768w\" sizes=\"(max-width: 800px) 100vw, 800px\" \/><\/div><\/a>\n\t\t\t\t<div class=\"elementor-post__badge\">eSocial<\/div>\n\t\t\t\t<div class=\"elementor-post__text\">\n\t\t\t\t<h3 class=\"elementor-post__title\">\n\t\t\t<a href=\"https:\/\/www.sistemametra.com.br\/blog\/software-medicina-do-trabalho-esocial\/\" >\n\t\t\t\tComo Avaliar o Software Ideal para medicina do trabalho com esocial\t\t\t<\/a>\n\t\t<\/h3>\n\t\t\t\t<div class=\"elementor-post__excerpt\">\n\t\t\t<p>Conhe\u00e7a o melhor software para medicina do trabalho com esocial do mercado com a Sistema METRA! Fa\u00e7a<\/p>\n\t\t<\/div>\n\t\t\t\t<\/div>\n\t\t\t\t<div class=\"elementor-post__meta-data\">\n\t\t\t\t\t<span class=\"elementor-post-author\">\n\t\t\tAnderson Fernandes\t\t<\/span>\n\t\t\t\t<span class=\"elementor-post-date\">\n\t\t\t25 de abril de 2026\t\t<\/span>\n\t\t\t\t<\/div>\n\t\t\t\t\t<\/div>\n\t\t<\/article>\n\t\t\t\t<article class=\"elementor-post elementor-grid-item post-676 post type-post status-publish format-standard has-post-thumbnail hentry category-esocial category-software-para-esocial\" role=\"listitem\">\n\t\t\t<div class=\"elementor-post__card\">\n\t\t\t\t<a class=\"elementor-post__thumbnail__link\" href=\"https:\/\/www.sistemametra.com.br\/blog\/software-medicina-seguranca-do-trabalho-esocial\/\" tabindex=\"-1\" ><div class=\"elementor-post__thumbnail\"><img loading=\"lazy\" decoding=\"async\" width=\"800\" height=\"800\" src=\"https:\/\/www.sistemametra.com.br\/blog\/wp-content\/uploads\/2026\/04\/software-medicina-seguranca-do-trabalho-esocial.webp\" class=\"attachment-full size-full wp-image-677\" alt=\"melhores software para medicina e seguran\u00e7a do trabalho com esocial | Blog Metra\" srcset=\"https:\/\/www.sistemametra.com.br\/blog\/wp-content\/uploads\/2026\/04\/software-medicina-seguranca-do-trabalho-esocial.webp 800w, https:\/\/www.sistemametra.com.br\/blog\/wp-content\/uploads\/2026\/04\/software-medicina-seguranca-do-trabalho-esocial-300x300.webp 300w, https:\/\/www.sistemametra.com.br\/blog\/wp-content\/uploads\/2026\/04\/software-medicina-seguranca-do-trabalho-esocial-150x150.webp 150w, https:\/\/www.sistemametra.com.br\/blog\/wp-content\/uploads\/2026\/04\/software-medicina-seguranca-do-trabalho-esocial-768x768.webp 768w\" sizes=\"(max-width: 800px) 100vw, 800px\" \/><\/div><\/a>\n\t\t\t\t<div class=\"elementor-post__badge\">eSocial<\/div>\n\t\t\t\t<div class=\"elementor-post__text\">\n\t\t\t\t<h3 class=\"elementor-post__title\">\n\t\t\t<a href=\"https:\/\/www.sistemametra.com.br\/blog\/software-medicina-seguranca-do-trabalho-esocial\/\" >\n\t\t\t\tComo Avaliar o Software Ideal para medicina e seguran\u00e7a do trabalho com esocial\t\t\t<\/a>\n\t\t<\/h3>\n\t\t\t\t<div class=\"elementor-post__excerpt\">\n\t\t\t<p>Revolucione a gest\u00e3o de medicina e seguran\u00e7a do trabalho com o software para medicina e seguran\u00e7a do<\/p>\n\t\t<\/div>\n\t\t\t\t<\/div>\n\t\t\t\t<div class=\"elementor-post__meta-data\">\n\t\t\t\t\t<span class=\"elementor-post-author\">\n\t\t\tAnderson Fernandes\t\t<\/span>\n\t\t\t\t<span class=\"elementor-post-date\">\n\t\t\t25 de abril de 2026\t\t<\/span>\n\t\t\t\t<\/div>\n\t\t\t\t\t<\/div>\n\t\t<\/article>\n\t\t\t\t<article class=\"elementor-post elementor-grid-item post-680 post type-post status-publish format-standard has-post-thumbnail hentry category-esocial category-software-para-esocial\" role=\"listitem\">\n\t\t\t<div class=\"elementor-post__card\">\n\t\t\t\t<a class=\"elementor-post__thumbnail__link\" href=\"https:\/\/www.sistemametra.com.br\/blog\/software-sst-esocial\/\" tabindex=\"-1\" ><div class=\"elementor-post__thumbnail\"><img loading=\"lazy\" decoding=\"async\" width=\"800\" height=\"800\" src=\"https:\/\/www.sistemametra.com.br\/blog\/wp-content\/uploads\/2026\/04\/software-sst-esocial.webp\" class=\"attachment-full size-full wp-image-681\" alt=\"melhores software para sst esocial | Blog Metra\" srcset=\"https:\/\/www.sistemametra.com.br\/blog\/wp-content\/uploads\/2026\/04\/software-sst-esocial.webp 800w, https:\/\/www.sistemametra.com.br\/blog\/wp-content\/uploads\/2026\/04\/software-sst-esocial-300x300.webp 300w, https:\/\/www.sistemametra.com.br\/blog\/wp-content\/uploads\/2026\/04\/software-sst-esocial-150x150.webp 150w, https:\/\/www.sistemametra.com.br\/blog\/wp-content\/uploads\/2026\/04\/software-sst-esocial-768x768.webp 768w\" sizes=\"(max-width: 800px) 100vw, 800px\" \/><\/div><\/a>\n\t\t\t\t<div class=\"elementor-post__badge\">eSocial<\/div>\n\t\t\t\t<div class=\"elementor-post__text\">\n\t\t\t\t<h3 class=\"elementor-post__title\">\n\t\t\t<a href=\"https:\/\/www.sistemametra.com.br\/blog\/software-sst-esocial\/\" >\n\t\t\t\tComo Avaliar o Software Ideal para sst esocial\t\t\t<\/a>\n\t\t<\/h3>\n\t\t\t\t<div class=\"elementor-post__excerpt\">\n\t\t\t<p>Voc\u00ea est\u00e1 em busca de um software eSocial SST para sua empresa? Ent\u00e3o voc\u00ea est\u00e1 no lugar<\/p>\n\t\t<\/div>\n\t\t\t\t<\/div>\n\t\t\t\t<div class=\"elementor-post__meta-data\">\n\t\t\t\t\t<span class=\"elementor-post-author\">\n\t\t\tAnderson Fernandes\t\t<\/span>\n\t\t\t\t<span class=\"elementor-post-date\">\n\t\t\t25 de abril de 2026\t\t<\/span>\n\t\t\t\t<\/div>\n\t\t\t\t\t<\/div>\n\t\t<\/article>\n\t\t\t\t<article class=\"elementor-post elementor-grid-item post-52 post type-post status-publish format-standard has-post-thumbnail hentry category-esocial category-software-para-esocial tag-aso-software tag-software-aso tag-software-esocial tag-software-esocial-sst\" role=\"listitem\">\n\t\t\t<div class=\"elementor-post__card\">\n\t\t\t\t<a class=\"elementor-post__thumbnail__link\" href=\"https:\/\/www.sistemametra.com.br\/blog\/software-emissao-de-aso-o-que-avaliar\/\" tabindex=\"-1\" ><div class=\"elementor-post__thumbnail\"><img loading=\"lazy\" decoding=\"async\" width=\"1672\" height=\"941\" src=\"https:\/\/www.sistemametra.com.br\/blog\/wp-content\/uploads\/2026\/04\/o-que-e-software-esocial.avif\" class=\"attachment-full size-full wp-image-47\" alt=\"software esocial melhor escolha\" srcset=\"https:\/\/www.sistemametra.com.br\/blog\/wp-content\/uploads\/2026\/04\/o-que-e-software-esocial.avif 1672w, https:\/\/www.sistemametra.com.br\/blog\/wp-content\/uploads\/2026\/04\/o-que-e-software-esocial-300x169.avif 300w\" sizes=\"(max-width: 1672px) 100vw, 1672px\" \/><\/div><\/a>\n\t\t\t\t<div class=\"elementor-post__badge\">eSocial<\/div>\n\t\t\t\t<div class=\"elementor-post__text\">\n\t\t\t\t<h3 class=\"elementor-post__title\">\n\t\t\t<a href=\"https:\/\/www.sistemametra.com.br\/blog\/software-emissao-de-aso-o-que-avaliar\/\" >\n\t\t\t\tComo Avaliar o Software Ideal para Emiss\u00e3o de ASO eSocial: Como escolher em 2026\t\t\t<\/a>\n\t\t<\/h3>\n\t\t\t\t<div class=\"elementor-post__excerpt\">\n\t\t\t<p>Imagine que esse software \u00e9 como um &#8220;secret\u00e1rio digital&#8221; inteligente que ajuda a empresa a organizar toda<\/p>\n\t\t<\/div>\n\t\t\t\t<\/div>\n\t\t\t\t<div class=\"elementor-post__meta-data\">\n\t\t\t\t\t<span class=\"elementor-post-author\">\n\t\t\tAnderson Fernandes\t\t<\/span>\n\t\t\t\t<span class=\"elementor-post-date\">\n\t\t\t24 de abril de 2026\t\t<\/span>\n\t\t\t\t<\/div>\n\t\t\t\t\t<\/div>\n\t\t<\/article>\n\t\t\t\t<article class=\"elementor-post elementor-grid-item post-658 post type-post status-publish format-standard has-post-thumbnail hentry category-esocial category-software-para-esocial\" role=\"listitem\">\n\t\t\t<div class=\"elementor-post__card\">\n\t\t\t\t<a class=\"elementor-post__thumbnail__link\" href=\"https:\/\/www.sistemametra.com.br\/blog\/software-envio-do-esocial-sst\/\" tabindex=\"-1\" ><div class=\"elementor-post__thumbnail\"><img loading=\"lazy\" decoding=\"async\" width=\"800\" height=\"800\" src=\"https:\/\/www.sistemametra.com.br\/blog\/wp-content\/uploads\/2026\/04\/software-envio-do-esocial-sst.webp\" class=\"attachment-full size-full wp-image-659\" alt=\"melhores software para envio do esocial sst | Blog Metra\" srcset=\"https:\/\/www.sistemametra.com.br\/blog\/wp-content\/uploads\/2026\/04\/software-envio-do-esocial-sst.webp 800w, https:\/\/www.sistemametra.com.br\/blog\/wp-content\/uploads\/2026\/04\/software-envio-do-esocial-sst-300x300.webp 300w, https:\/\/www.sistemametra.com.br\/blog\/wp-content\/uploads\/2026\/04\/software-envio-do-esocial-sst-150x150.webp 150w, https:\/\/www.sistemametra.com.br\/blog\/wp-content\/uploads\/2026\/04\/software-envio-do-esocial-sst-768x768.webp 768w\" sizes=\"(max-width: 800px) 100vw, 800px\" \/><\/div><\/a>\n\t\t\t\t<div class=\"elementor-post__badge\">eSocial<\/div>\n\t\t\t\t<div class=\"elementor-post__text\">\n\t\t\t\t<h3 class=\"elementor-post__title\">\n\t\t\t<a href=\"https:\/\/www.sistemametra.com.br\/blog\/software-envio-do-esocial-sst\/\" >\n\t\t\t\tComo Avaliar o Software Ideal para envio do esocial sst\t\t\t<\/a>\n\t\t<\/h3>\n\t\t\t\t<div class=\"elementor-post__excerpt\">\n\t\t\t<p>CONHE\u00c7A O MELHOR SOFTWARE PARA ENVIO DO ESOCIAL SST DISPON\u00cdVEL NO MERCADO A gest\u00e3o de SST e<\/p>\n\t\t<\/div>\n\t\t\t\t<\/div>\n\t\t\t\t<div class=\"elementor-post__meta-data\">\n\t\t\t\t\t<span class=\"elementor-post-author\">\n\t\t\tAnderson Fernandes\t\t<\/span>\n\t\t\t\t<span class=\"elementor-post-date\">\n\t\t\t22 de abril de 2026\t\t<\/span>\n\t\t\t\t<\/div>\n\t\t\t\t\t<\/div>\n\t\t<\/article>\n\t\t\t\t<article class=\"elementor-post elementor-grid-item post-656 post type-post status-publish format-standard has-post-thumbnail hentry category-esocial category-software-para-esocial\" role=\"listitem\">\n\t\t\t<div class=\"elementor-post__card\">\n\t\t\t\t<a class=\"elementor-post__thumbnail__link\" href=\"https:\/\/www.sistemametra.com.br\/blog\/software-envio-do-esocial\/\" tabindex=\"-1\" ><div class=\"elementor-post__thumbnail\"><img loading=\"lazy\" decoding=\"async\" width=\"800\" height=\"800\" src=\"https:\/\/www.sistemametra.com.br\/blog\/wp-content\/uploads\/2026\/04\/software-envio-do-esocial.webp\" class=\"attachment-full size-full wp-image-657\" alt=\"melhores software para envio do esocial | Blog Metra\" srcset=\"https:\/\/www.sistemametra.com.br\/blog\/wp-content\/uploads\/2026\/04\/software-envio-do-esocial.webp 800w, https:\/\/www.sistemametra.com.br\/blog\/wp-content\/uploads\/2026\/04\/software-envio-do-esocial-300x300.webp 300w, https:\/\/www.sistemametra.com.br\/blog\/wp-content\/uploads\/2026\/04\/software-envio-do-esocial-150x150.webp 150w, https:\/\/www.sistemametra.com.br\/blog\/wp-content\/uploads\/2026\/04\/software-envio-do-esocial-768x768.webp 768w\" sizes=\"(max-width: 800px) 100vw, 800px\" \/><\/div><\/a>\n\t\t\t\t<div class=\"elementor-post__badge\">eSocial<\/div>\n\t\t\t\t<div class=\"elementor-post__text\">\n\t\t\t\t<h3 class=\"elementor-post__title\">\n\t\t\t<a href=\"https:\/\/www.sistemametra.com.br\/blog\/software-envio-do-esocial\/\" >\n\t\t\t\tComo Avaliar o Software Ideal para envio do esocial\t\t\t<\/a>\n\t\t<\/h3>\n\t\t\t\t<div class=\"elementor-post__excerpt\">\n\t\t\t<p>Quer simplificar o processo de envio do eSocial na sua empresa? Ent\u00e3o voc\u00ea precisa conhecer o software<\/p>\n\t\t<\/div>\n\t\t\t\t<\/div>\n\t\t\t\t<div class=\"elementor-post__meta-data\">\n\t\t\t\t\t<span class=\"elementor-post-author\">\n\t\t\tAnderson Fernandes\t\t<\/span>\n\t\t\t\t<span class=\"elementor-post-date\">\n\t\t\t21 de abril de 2026\t\t<\/span>\n\t\t\t\t<\/div>\n\t\t\t\t\t<\/div>\n\t\t<\/article>\n\t\t\t\t<article class=\"elementor-post elementor-grid-item post-650 post type-post status-publish format-standard has-post-thumbnail hentry category-esocial category-software-para-esocial\" role=\"listitem\">\n\t\t\t<div class=\"elementor-post__card\">\n\t\t\t\t<a class=\"elementor-post__thumbnail__link\" href=\"https:\/\/www.sistemametra.com.br\/blog\/software-esocial-sst-pgr\/\" tabindex=\"-1\" ><div class=\"elementor-post__thumbnail\"><img loading=\"lazy\" decoding=\"async\" width=\"800\" height=\"800\" src=\"https:\/\/www.sistemametra.com.br\/blog\/wp-content\/uploads\/2026\/04\/software-esocial-sst-pgr.webp\" class=\"attachment-full size-full wp-image-651\" alt=\"conte\u00fado sobre software esocial sst e pgr | Blog Metra\" srcset=\"https:\/\/www.sistemametra.com.br\/blog\/wp-content\/uploads\/2026\/04\/software-esocial-sst-pgr.webp 800w, https:\/\/www.sistemametra.com.br\/blog\/wp-content\/uploads\/2026\/04\/software-esocial-sst-pgr-300x300.webp 300w, https:\/\/www.sistemametra.com.br\/blog\/wp-content\/uploads\/2026\/04\/software-esocial-sst-pgr-150x150.webp 150w, https:\/\/www.sistemametra.com.br\/blog\/wp-content\/uploads\/2026\/04\/software-esocial-sst-pgr-768x768.webp 768w\" sizes=\"(max-width: 800px) 100vw, 800px\" \/><\/div><\/a>\n\t\t\t\t<div class=\"elementor-post__badge\">eSocial<\/div>\n\t\t\t\t<div class=\"elementor-post__text\">\n\t\t\t\t<h3 class=\"elementor-post__title\">\n\t\t\t<a href=\"https:\/\/www.sistemametra.com.br\/blog\/software-esocial-sst-pgr\/\" >\n\t\t\t\tSoftware esocial sst e pgr\t\t\t<\/a>\n\t\t<\/h3>\n\t\t\t\t<div class=\"elementor-post__excerpt\">\n\t\t\t<p>O MELHOR SOFTWARE ESOCIAL SST E PGR PARA SUA EMPRESA! Voc\u00ea sabia que o eSocial se tornou<\/p>\n\t\t<\/div>\n\t\t\t\t<\/div>\n\t\t\t\t<div class=\"elementor-post__meta-data\">\n\t\t\t\t\t<span class=\"elementor-post-author\">\n\t\t\tAnderson Fernandes\t\t<\/span>\n\t\t\t\t<span class=\"elementor-post-date\">\n\t\t\t18 de abril de 2026\t\t<\/span>\n\t\t\t\t<\/div>\n\t\t\t\t\t<\/div>\n\t\t<\/article>\n\t\t\t\t<article class=\"elementor-post elementor-grid-item post-646 post type-post status-publish format-standard has-post-thumbnail hentry category-esocial category-software-para-esocial\" role=\"listitem\">\n\t\t\t<div class=\"elementor-post__card\">\n\t\t\t\t<a class=\"elementor-post__thumbnail__link\" href=\"https:\/\/www.sistemametra.com.br\/blog\/software-saude-ocupacional-esocial\/\" tabindex=\"-1\" ><div class=\"elementor-post__thumbnail\"><img loading=\"lazy\" decoding=\"async\" width=\"800\" height=\"800\" src=\"https:\/\/www.sistemametra.com.br\/blog\/wp-content\/uploads\/2026\/04\/software-saude-ocupacional-esocial.webp\" class=\"attachment-full size-full wp-image-647\" alt=\"sobre software de sa\u00fade ocupacional com esocial | Blog Metra\" srcset=\"https:\/\/www.sistemametra.com.br\/blog\/wp-content\/uploads\/2026\/04\/software-saude-ocupacional-esocial.webp 800w, https:\/\/www.sistemametra.com.br\/blog\/wp-content\/uploads\/2026\/04\/software-saude-ocupacional-esocial-300x300.webp 300w, https:\/\/www.sistemametra.com.br\/blog\/wp-content\/uploads\/2026\/04\/software-saude-ocupacional-esocial-150x150.webp 150w, https:\/\/www.sistemametra.com.br\/blog\/wp-content\/uploads\/2026\/04\/software-saude-ocupacional-esocial-768x768.webp 768w\" sizes=\"(max-width: 800px) 100vw, 800px\" \/><\/div><\/a>\n\t\t\t\t<div class=\"elementor-post__badge\">eSocial<\/div>\n\t\t\t\t<div class=\"elementor-post__text\">\n\t\t\t\t<h3 class=\"elementor-post__title\">\n\t\t\t<a href=\"https:\/\/www.sistemametra.com.br\/blog\/software-saude-ocupacional-esocial\/\" >\n\t\t\t\tOs Melhores Software de sa\u00fade ocupacional com esocial\t\t\t<\/a>\n\t\t<\/h3>\n\t\t\t\t<div class=\"elementor-post__excerpt\">\n\t\t\t<p>Voc\u00ea, empres\u00e1rio e gestor, est\u00e1 procurando uma forma eficiente de gerenciar a sa\u00fade ocupacional de seus colaboradores?<\/p>\n\t\t<\/div>\n\t\t\t\t<\/div>\n\t\t\t\t<div class=\"elementor-post__meta-data\">\n\t\t\t\t\t<span class=\"elementor-post-author\">\n\t\t\tAnderson Fernandes\t\t<\/span>\n\t\t\t\t<span class=\"elementor-post-date\">\n\t\t\t16 de abril de 2026\t\t<\/span>\n\t\t\t\t<\/div>\n\t\t\t\t\t<\/div>\n\t\t<\/article>\n\t\t\t\t<article class=\"elementor-post elementor-grid-item post-640 post type-post status-publish format-standard has-post-thumbnail hentry category-esocial category-software-para-esocial\" role=\"listitem\">\n\t\t\t<div class=\"elementor-post__card\">\n\t\t\t\t<a class=\"elementor-post__thumbnail__link\" href=\"https:\/\/www.sistemametra.com.br\/blog\/software-emissao-pgr-esocial\/\" tabindex=\"-1\" ><div class=\"elementor-post__thumbnail\"><img loading=\"lazy\" decoding=\"async\" width=\"800\" height=\"800\" src=\"https:\/\/www.sistemametra.com.br\/blog\/wp-content\/uploads\/2026\/04\/software-emissao-pgr-esocial.webp\" class=\"attachment-full size-full wp-image-641\" alt=\"sobre software de emiss\u00e3o pgr esocial | Blog Metra\" srcset=\"https:\/\/www.sistemametra.com.br\/blog\/wp-content\/uploads\/2026\/04\/software-emissao-pgr-esocial.webp 800w, https:\/\/www.sistemametra.com.br\/blog\/wp-content\/uploads\/2026\/04\/software-emissao-pgr-esocial-300x300.webp 300w, https:\/\/www.sistemametra.com.br\/blog\/wp-content\/uploads\/2026\/04\/software-emissao-pgr-esocial-150x150.webp 150w, https:\/\/www.sistemametra.com.br\/blog\/wp-content\/uploads\/2026\/04\/software-emissao-pgr-esocial-768x768.webp 768w\" sizes=\"(max-width: 800px) 100vw, 800px\" \/><\/div><\/a>\n\t\t\t\t<div class=\"elementor-post__badge\">eSocial<\/div>\n\t\t\t\t<div class=\"elementor-post__text\">\n\t\t\t\t<h3 class=\"elementor-post__title\">\n\t\t\t<a href=\"https:\/\/www.sistemametra.com.br\/blog\/software-emissao-pgr-esocial\/\" >\n\t\t\t\tOs Melhores Software de emiss\u00e3o pgr esocial\t\t\t<\/a>\n\t\t<\/h3>\n\t\t\t\t<div class=\"elementor-post__excerpt\">\n\t\t\t<p>Procurando um software de emiss\u00e3o pgr esocial mas n\u00e3o sabe onde encontrar? A Sistema METRA tem a<\/p>\n\t\t<\/div>\n\t\t\t\t<\/div>\n\t\t\t\t<div class=\"elementor-post__meta-data\">\n\t\t\t\t\t<span class=\"elementor-post-author\">\n\t\t\tAnderson Fernandes\t\t<\/span>\n\t\t\t\t<span class=\"elementor-post-date\">\n\t\t\t13 de abril de 2026\t\t<\/span>\n\t\t\t\t<\/div>\n\t\t\t\t\t<\/div>\n\t\t<\/article>\n\t\t\t\t<\/div>\n\t\t\n\t\t\t\t\t\t<\/div>\n\t\t\t\t<\/div>\n\t\t\t\t\t<\/div>\n\t\t\t\t<\/div>\n\t\t\t\t<\/div>\n\t\t","protected":false},"excerpt":{"rendered":"<p>Blog Metra &#8211; Conte\u00fado Especializado em SST e eSocial Conte\u00fado pr\u00e1tico sobre Sa\u00fade e Seguran\u00e7a do Trabalho: normas, documentos e obriga\u00e7\u00f5es explicados de forma direta para profissionais e empresas. Conte\u00fado sobre SST Conte\u00fado sobre eSocial Em destaque Universo da SST Potencialize sua gest\u00e3o de SST com o Metra Quer elevar a gest\u00e3o de Sa\u00fade e [&hellip;]<\/p>\n","protected":false},"author":1,"featured_media":0,"parent":0,"menu_order":0,"comment_status":"closed","ping_status":"closed","template":"elementor_header_footer","meta":{"footnotes":""},"class_list":["post-18","page","type-page","status-publish","hentry"],"yoast_head":"<!-- This site is optimized with the Yoast SEO plugin v27.5 - https:\/\/yoast.com\/product\/yoast-seo-wordpress\/ -->\n<title>Blog Metra - Conte\u00fado Especializado em SST e eSocial<\/title>\n<meta name=\"description\" content=\"Conte\u00fado pr\u00e1tico sobre Sa\u00fade e Seguran\u00e7a do Trabalho: normas, documentos e obriga\u00e7\u00f5es explicados de forma direta para profissionais e empresas.\" \/>\n<meta name=\"robots\" content=\"index, follow, max-snippet:-1, max-image-preview:large, max-video-preview:-1\" \/>\n<link rel=\"canonical\" href=\"https:\/\/www.sistemametra.com.br\/blog\/\" \/>\n<meta property=\"og:locale\" content=\"pt_BR\" \/>\n<meta property=\"og:type\" content=\"article\" \/>\n<meta property=\"og:title\" content=\"Blog Metra - Conte\u00fado Especializado em SST e eSocial\" \/>\n<meta property=\"og:description\" content=\"Conte\u00fado pr\u00e1tico sobre Sa\u00fade e Seguran\u00e7a do Trabalho: normas, documentos e obriga\u00e7\u00f5es explicados de forma direta para profissionais e empresas.\" \/>\n<meta property=\"og:url\" content=\"https:\/\/www.sistemametra.com.br\/blog\/\" \/>\n<meta property=\"og:site_name\" content=\"Blog Metra\" \/>\n<meta property=\"article:publisher\" content=\"https:\/\/www.facebook.com\/metraweb\" \/>\n<meta property=\"article:modified_time\" content=\"2026-04-30T23:39:22+00:00\" \/>\n<meta property=\"og:image\" content=\"https:\/\/www.sistemametra.com.br\/blog\/wp-content\/uploads\/2026\/04\/gestor-de-clinicas-de-sst.webp\" \/>\n<meta name=\"twitter:card\" content=\"summary_large_image\" \/>\n<meta name=\"twitter:label1\" content=\"Est. tempo de leitura\" \/>\n\t<meta name=\"twitter:data1\" content=\"14 minutos\" \/>\n<script type=\"application\/ld+json\" class=\"yoast-schema-graph\">{\"@context\":\"https:\\\/\\\/schema.org\",\"@graph\":[{\"@type\":\"WebPage\",\"@id\":\"https:\\\/\\\/www.sistemametra.com.br\\\/blog\\\/\",\"url\":\"https:\\\/\\\/www.sistemametra.com.br\\\/blog\\\/\",\"name\":\"Blog Metra - Conte\u00fado Especializado em SST e eSocial\",\"isPartOf\":{\"@id\":\"https:\\\/\\\/www.sistemametra.com.br\\\/blog\\\/#website\"},\"primaryImageOfPage\":{\"@id\":\"https:\\\/\\\/www.sistemametra.com.br\\\/blog\\\/#primaryimage\"},\"image\":{\"@id\":\"https:\\\/\\\/www.sistemametra.com.br\\\/blog\\\/#primaryimage\"},\"thumbnailUrl\":\"https:\\\/\\\/www.sistemametra.com.br\\\/blog\\\/wp-content\\\/uploads\\\/2026\\\/04\\\/gestor-de-clinicas-de-sst.webp\",\"datePublished\":\"2026-04-24T19:12:00+00:00\",\"dateModified\":\"2026-04-30T23:39:22+00:00\",\"description\":\"Conte\u00fado pr\u00e1tico sobre Sa\u00fade e Seguran\u00e7a do Trabalho: normas, documentos e obriga\u00e7\u00f5es explicados de forma direta para profissionais e empresas.\",\"breadcrumb\":{\"@id\":\"https:\\\/\\\/www.sistemametra.com.br\\\/blog\\\/#breadcrumb\"},\"inLanguage\":\"pt-BR\",\"potentialAction\":[{\"@type\":\"ReadAction\",\"target\":[\"https:\\\/\\\/www.sistemametra.com.br\\\/blog\\\/\"]}]},{\"@type\":\"ImageObject\",\"inLanguage\":\"pt-BR\",\"@id\":\"https:\\\/\\\/www.sistemametra.com.br\\\/blog\\\/#primaryimage\",\"url\":\"https:\\\/\\\/www.sistemametra.com.br\\\/blog\\\/wp-content\\\/uploads\\\/2026\\\/04\\\/gestor-de-clinicas-de-sst.webp\",\"contentUrl\":\"https:\\\/\\\/www.sistemametra.com.br\\\/blog\\\/wp-content\\\/uploads\\\/2026\\\/04\\\/gestor-de-clinicas-de-sst.webp\",\"width\":1062,\"height\":1297,\"caption\":\"fique por dentro das atualiza\u00e7\u00f5es de sst\"},{\"@type\":\"BreadcrumbList\",\"@id\":\"https:\\\/\\\/www.sistemametra.com.br\\\/blog\\\/#breadcrumb\",\"itemListElement\":[{\"@type\":\"ListItem\",\"position\":1,\"name\":\"In\u00edcio\",\"item\":\"https:\\\/\\\/www.sistemametra.com.br\\\/blog\\\/\"},{\"@type\":\"ListItem\",\"position\":2,\"name\":\"Home\"}]},{\"@type\":\"WebSite\",\"@id\":\"https:\\\/\\\/www.sistemametra.com.br\\\/blog\\\/#website\",\"url\":\"https:\\\/\\\/www.sistemametra.com.br\\\/blog\\\/\",\"name\":\"Blog Metra\",\"description\":\"Conte\u00fado pr\u00e1tico sobre Sa\u00fade e Seguran\u00e7a do Trabalho: normas, documentos e obriga\u00e7\u00f5es explicados de forma direta para profissionais e empresas.\",\"publisher\":{\"@id\":\"https:\\\/\\\/www.sistemametra.com.br\\\/blog\\\/#organization\"},\"alternateName\":\"Sistema Metra\",\"potentialAction\":[{\"@type\":\"SearchAction\",\"target\":{\"@type\":\"EntryPoint\",\"urlTemplate\":\"https:\\\/\\\/www.sistemametra.com.br\\\/blog\\\/?s={search_term_string}\"},\"query-input\":{\"@type\":\"PropertyValueSpecification\",\"valueRequired\":true,\"valueName\":\"search_term_string\"}}],\"inLanguage\":\"pt-BR\"},{\"@type\":\"Organization\",\"@id\":\"https:\\\/\\\/www.sistemametra.com.br\\\/blog\\\/#organization\",\"name\":\"Sistema Metra\",\"url\":\"https:\\\/\\\/www.sistemametra.com.br\\\/blog\\\/\",\"logo\":{\"@type\":\"ImageObject\",\"inLanguage\":\"pt-BR\",\"@id\":\"https:\\\/\\\/www.sistemametra.com.br\\\/blog\\\/#\\\/schema\\\/logo\\\/image\\\/\",\"url\":\"https:\\\/\\\/www.sistemametra.com.br\\\/blog\\\/wp-content\\\/uploads\\\/2026\\\/04\\\/blog-metra.webp\",\"contentUrl\":\"https:\\\/\\\/www.sistemametra.com.br\\\/blog\\\/wp-content\\\/uploads\\\/2026\\\/04\\\/blog-metra.webp\",\"width\":800,\"height\":800,\"caption\":\"Sistema Metra\"},\"image\":{\"@id\":\"https:\\\/\\\/www.sistemametra.com.br\\\/blog\\\/#\\\/schema\\\/logo\\\/image\\\/\"},\"sameAs\":[\"https:\\\/\\\/www.facebook.com\\\/metraweb\",\"https:\\\/\\\/www.linkedin.com\\\/company\\\/metra-web\\\/?viewAsMember=true\",\"https:\\\/\\\/www.youtube.com\\\/@SistemaMetra\"]}]}<\/script>\n<!-- \/ Yoast SEO plugin. -->","yoast_head_json":{"title":"Blog Metra - Conte\u00fado Especializado em SST e eSocial","description":"Conte\u00fado pr\u00e1tico sobre Sa\u00fade e Seguran\u00e7a do Trabalho: normas, documentos e obriga\u00e7\u00f5es explicados de forma direta para profissionais e empresas.","robots":{"index":"index","follow":"follow","max-snippet":"max-snippet:-1","max-image-preview":"max-image-preview:large","max-video-preview":"max-video-preview:-1"},"canonical":"https:\/\/www.sistemametra.com.br\/blog\/","og_locale":"pt_BR","og_type":"article","og_title":"Blog Metra - Conte\u00fado Especializado em SST e eSocial","og_description":"Conte\u00fado pr\u00e1tico sobre Sa\u00fade e Seguran\u00e7a do Trabalho: normas, documentos e obriga\u00e7\u00f5es explicados de forma direta para profissionais e empresas.","og_url":"https:\/\/www.sistemametra.com.br\/blog\/","og_site_name":"Blog Metra","article_publisher":"https:\/\/www.facebook.com\/metraweb","article_modified_time":"2026-04-30T23:39:22+00:00","og_image":[{"url":"https:\/\/www.sistemametra.com.br\/blog\/wp-content\/uploads\/2026\/04\/gestor-de-clinicas-de-sst.webp","type":"","width":"","height":""}],"twitter_card":"summary_large_image","twitter_misc":{"Est. tempo de leitura":"14 minutos"},"schema":{"@context":"https:\/\/schema.org","@graph":[{"@type":"WebPage","@id":"https:\/\/www.sistemametra.com.br\/blog\/","url":"https:\/\/www.sistemametra.com.br\/blog\/","name":"Blog Metra - Conte\u00fado Especializado em SST e eSocial","isPartOf":{"@id":"https:\/\/www.sistemametra.com.br\/blog\/#website"},"primaryImageOfPage":{"@id":"https:\/\/www.sistemametra.com.br\/blog\/#primaryimage"},"image":{"@id":"https:\/\/www.sistemametra.com.br\/blog\/#primaryimage"},"thumbnailUrl":"https:\/\/www.sistemametra.com.br\/blog\/wp-content\/uploads\/2026\/04\/gestor-de-clinicas-de-sst.webp","datePublished":"2026-04-24T19:12:00+00:00","dateModified":"2026-04-30T23:39:22+00:00","description":"Conte\u00fado pr\u00e1tico sobre Sa\u00fade e Seguran\u00e7a do Trabalho: normas, documentos e obriga\u00e7\u00f5es explicados de forma direta para profissionais e empresas.","breadcrumb":{"@id":"https:\/\/www.sistemametra.com.br\/blog\/#breadcrumb"},"inLanguage":"pt-BR","potentialAction":[{"@type":"ReadAction","target":["https:\/\/www.sistemametra.com.br\/blog\/"]}]},{"@type":"ImageObject","inLanguage":"pt-BR","@id":"https:\/\/www.sistemametra.com.br\/blog\/#primaryimage","url":"https:\/\/www.sistemametra.com.br\/blog\/wp-content\/uploads\/2026\/04\/gestor-de-clinicas-de-sst.webp","contentUrl":"https:\/\/www.sistemametra.com.br\/blog\/wp-content\/uploads\/2026\/04\/gestor-de-clinicas-de-sst.webp","width":1062,"height":1297,"caption":"fique por dentro das atualiza\u00e7\u00f5es de sst"},{"@type":"BreadcrumbList","@id":"https:\/\/www.sistemametra.com.br\/blog\/#breadcrumb","itemListElement":[{"@type":"ListItem","position":1,"name":"In\u00edcio","item":"https:\/\/www.sistemametra.com.br\/blog\/"},{"@type":"ListItem","position":2,"name":"Home"}]},{"@type":"WebSite","@id":"https:\/\/www.sistemametra.com.br\/blog\/#website","url":"https:\/\/www.sistemametra.com.br\/blog\/","name":"Blog Metra","description":"Conte\u00fado pr\u00e1tico sobre Sa\u00fade e Seguran\u00e7a do Trabalho: normas, documentos e obriga\u00e7\u00f5es explicados de forma direta para profissionais e empresas.","publisher":{"@id":"https:\/\/www.sistemametra.com.br\/blog\/#organization"},"alternateName":"Sistema Metra","potentialAction":[{"@type":"SearchAction","target":{"@type":"EntryPoint","urlTemplate":"https:\/\/www.sistemametra.com.br\/blog\/?s={search_term_string}"},"query-input":{"@type":"PropertyValueSpecification","valueRequired":true,"valueName":"search_term_string"}}],"inLanguage":"pt-BR"},{"@type":"Organization","@id":"https:\/\/www.sistemametra.com.br\/blog\/#organization","name":"Sistema Metra","url":"https:\/\/www.sistemametra.com.br\/blog\/","logo":{"@type":"ImageObject","inLanguage":"pt-BR","@id":"https:\/\/www.sistemametra.com.br\/blog\/#\/schema\/logo\/image\/","url":"https:\/\/www.sistemametra.com.br\/blog\/wp-content\/uploads\/2026\/04\/blog-metra.webp","contentUrl":"https:\/\/www.sistemametra.com.br\/blog\/wp-content\/uploads\/2026\/04\/blog-metra.webp","width":800,"height":800,"caption":"Sistema Metra"},"image":{"@id":"https:\/\/www.sistemametra.com.br\/blog\/#\/schema\/logo\/image\/"},"sameAs":["https:\/\/www.facebook.com\/metraweb","https:\/\/www.linkedin.com\/company\/metra-web\/?viewAsMember=true","https:\/\/www.youtube.com\/@SistemaMetra"]}]}},"_links":{"self":[{"href":"https:\/\/www.sistemametra.com.br\/blog\/wp-json\/wp\/v2\/pages\/18","targetHints":{"allow":["GET"]}}],"collection":[{"href":"https:\/\/www.sistemametra.com.br\/blog\/wp-json\/wp\/v2\/pages"}],"about":[{"href":"https:\/\/www.sistemametra.com.br\/blog\/wp-json\/wp\/v2\/types\/page"}],"author":[{"embeddable":true,"href":"https:\/\/www.sistemametra.com.br\/blog\/wp-json\/wp\/v2\/users\/1"}],"replies":[{"embeddable":true,"href":"https:\/\/www.sistemametra.com.br\/blog\/wp-json\/wp\/v2\/comments?post=18"}],"version-history":[{"count":151,"href":"https:\/\/www.sistemametra.com.br\/blog\/wp-json\/wp\/v2\/pages\/18\/revisions"}],"predecessor-version":[{"id":985,"href":"https:\/\/www.sistemametra.com.br\/blog\/wp-json\/wp\/v2\/pages\/18\/revisions\/985"}],"wp:attachment":[{"href":"https:\/\/www.sistemametra.com.br\/blog\/wp-json\/wp\/v2\/media?parent=18"}],"curies":[{"name":"wp","href":"https:\/\/api.w.org\/{rel}","templated":true}]}}