{"id":43,"date":"2026-04-24T16:47:46","date_gmt":"2026-04-24T19:47:46","guid":{"rendered":"https:\/\/sistemametra.com.br\/blog\/?page_id=43"},"modified":"2026-04-26T15:08:30","modified_gmt":"2026-04-26T18:08:30","slug":"esocial","status":"publish","type":"page","link":"https:\/\/www.sistemametra.com.br\/blog\/esocial\/","title":{"rendered":"eSocial"},"content":{"rendered":"\t\t<div data-elementor-type=\"wp-page\" data-elementor-id=\"43\" class=\"elementor elementor-43\" data-elementor-post-type=\"page\">\n\t\t\t\t<div class=\"elementor-element elementor-element-8e6fc40 e-flex e-con-boxed e-con e-parent\" data-id=\"8e6fc40\" data-element_type=\"container\" data-e-type=\"container\" data-settings=\"{&quot;background_background&quot;:&quot;classic&quot;}\">\n\t\t\t\t\t<div class=\"e-con-inner\">\n\t\t<div class=\"elementor-element elementor-element-167c836 e-con-full e-flex e-con e-child\" data-id=\"167c836\" data-element_type=\"container\" data-e-type=\"container\">\n\t\t<div class=\"elementor-element elementor-element-2d240c5 e-con-full e-flex e-con e-child\" data-id=\"2d240c5\" data-element_type=\"container\" data-e-type=\"container\">\n\t\t\t\t\t\t\t<h2 \n\t\tdata-interaction-id=\"9629a70\" \n\t\tclass=\"e-9629a70-a712a86 e-heading-base\" \n\t\t \n\t\tdata-e-type=\"widget\" data-id=\"9629a70\"\n\t>\n\t\n\t\t\tConte\u00fado sobre eSocial: Obriga\u00e7\u00f5es, Eventos e Gest\u00e3o\n\t\t<\/h2>\n\t\t\t\t<\/div>\n\t\t<div class=\"elementor-element elementor-element-f87af92 e-con-full e-flex e-con e-child\" data-id=\"f87af92\" data-element_type=\"container\" data-e-type=\"container\">\n\t\t\t\t\t\t\t\t<p class=\"e-c35cff5-d0411ec e-paragraph-base\" data-interaction-id=\"c35cff5\"  data-e-type=\"widget\" data-id=\"c35cff5\">\n\t\t\t\t\t\t\t\tConte\u00fados sobre eSocial, eventos obrigat\u00f3rios, envio de informa\u00e7\u00f5es trabalhistas, previdenci\u00e1rias e de SST, prazos, erros comuns, integra\u00e7\u00e3o com sistemas e conformidade legal.\n\t\t\t\t\t<\/p>\n\t\t\t\t<\/div>\n\t\t\t\t<\/div>\n\t\t<div class=\"elementor-element elementor-element-2160397 e-con-full e-flex e-con e-child\" data-id=\"2160397\" data-element_type=\"container\" data-e-type=\"container\">\n\t\t\t\t\t\t\t\n\t\t\t<img class=\"e-image-base e-c8991ed-5584faa\" \n\t\t\t\t\tdata-interaction-id=\"c8991ed\" \n\t\t \n\t\t data-e-type=\"widget\" data-id=\"c8991ed\"\n\t\t\t\t\t\t\t\t\tid=\"60\"\n\t\t\t\t\t\t\t\t\t\t\t\tsrc=\"https:\/\/www.sistemametra.com.br\/blog\/wp-content\/uploads\/2026\/04\/gestor-de-clinicas-de-sst.webp\"\n\t\t\t\t\t\t\t\t\t\t\t\twidth=\"1062\"\n\t\t\t\t\t\t\t\t\t\t\t\theight=\"1297\"\n\t\t\t\t\t\t\t\t\t\t\t\tsrcset=\"https:\/\/www.sistemametra.com.br\/blog\/wp-content\/uploads\/2026\/04\/gestor-de-clinicas-de-sst.webp 1062w, https:\/\/www.sistemametra.com.br\/blog\/wp-content\/uploads\/2026\/04\/gestor-de-clinicas-de-sst-246x300.webp 246w, https:\/\/www.sistemametra.com.br\/blog\/wp-content\/uploads\/2026\/04\/gestor-de-clinicas-de-sst-838x1024.webp 838w, https:\/\/www.sistemametra.com.br\/blog\/wp-content\/uploads\/2026\/04\/gestor-de-clinicas-de-sst-768x938.webp 768w\"\n\t\t\t\t\t\t\t\t\t\t\t\talt=\"fique por dentro das atualiza\u00e7\u00f5es de sst\"\n\t\t\t\t\t\t\/>\n\t\t\t\t\t<\/div>\n\t\t\t\t\t<\/div>\n\t\t\t\t<\/div>\n\t\t<div class=\"elementor-element elementor-element-5dc8cf8 e-flex e-con-boxed e-con e-parent\" data-id=\"5dc8cf8\" data-element_type=\"container\" data-e-type=\"container\">\n\t\t\t\t\t<div class=\"e-con-inner\">\n\t\t\t\t\t\t\t<h2 \n\t\tdata-interaction-id=\"b20d842\" \n\t\tclass=\"e-b20d842-860dea6 e-heading-base\" \n\t\t \n\t\tdata-e-type=\"widget\" data-id=\"b20d842\"\n\t>\n\t\n\t\t\tNavegue pelo universo do eSocial\n\t\t<\/h2>\n\t\t\t\t\t<\/div>\n\t\t\t\t<\/div>\n\t\t<div class=\"elementor-element elementor-element-2c6a553 e-grid e-con-boxed e-con e-parent\" data-id=\"2c6a553\" data-element_type=\"container\" data-e-type=\"container\">\n\t\t\t\t\t<div class=\"e-con-inner\">\n\t\t\t\t<div class=\"elementor-element elementor-element-e546326 elementor-position-top elementor-widget elementor-widget-image-box\" data-id=\"e546326\" data-element_type=\"widget\" data-e-type=\"widget\" data-widget_type=\"image-box.default\">\n\t\t\t\t\t<div class=\"elementor-image-box-wrapper\"><figure class=\"elementor-image-box-img\"><a href=\"https:\/\/www.sistemametra.com.br\/blog\/categoria\/esocial\/esocial-sst\/\" tabindex=\"-1\"><img fetchpriority=\"high\" decoding=\"async\" width=\"1448\" height=\"1086\" src=\"https:\/\/www.sistemametra.com.br\/blog\/wp-content\/uploads\/2026\/04\/conteudo-sobre-esocial-sst.avif\" class=\"attachment-full size-full wp-image-161\" alt=\"Conte\u00fado sobre eSocial SST\" srcset=\"https:\/\/www.sistemametra.com.br\/blog\/wp-content\/uploads\/2026\/04\/conteudo-sobre-esocial-sst.avif 1448w, https:\/\/www.sistemametra.com.br\/blog\/wp-content\/uploads\/2026\/04\/conteudo-sobre-esocial-sst-300x225.avif 300w, https:\/\/www.sistemametra.com.br\/blog\/wp-content\/uploads\/2026\/04\/conteudo-sobre-esocial-sst-1024x769.avif 1024w, https:\/\/www.sistemametra.com.br\/blog\/wp-content\/uploads\/2026\/04\/conteudo-sobre-esocial-sst-768x577.avif 768w\" sizes=\"(max-width: 1448px) 100vw, 1448px\" \/><\/a><\/figure><div class=\"elementor-image-box-content\"><p class=\"elementor-image-box-title\"><a href=\"https:\/\/www.sistemametra.com.br\/blog\/categoria\/esocial\/esocial-sst\/\">eSocial SST<\/a><\/p><p class=\"elementor-image-box-description\">Conte\u00fados sobre os eventos de SST no eSocial, como S-2210, S-2220 e S-2240, e suas exig\u00eancias legais.<\/p><\/div><\/div>\t\t\t\t<\/div>\n\t\t\t\t<div class=\"elementor-element elementor-element-4d4fe22 elementor-position-top elementor-widget elementor-widget-image-box\" data-id=\"4d4fe22\" data-element_type=\"widget\" data-e-type=\"widget\" data-widget_type=\"image-box.default\">\n\t\t\t\t\t<div class=\"elementor-image-box-wrapper\"><figure class=\"elementor-image-box-img\"><a href=\"https:\/\/www.sistemametra.com.br\/blog\/categoria\/esocial\/eventos-do-sst\/\" tabindex=\"-1\"><img decoding=\"async\" width=\"1448\" height=\"1086\" src=\"https:\/\/www.sistemametra.com.br\/blog\/wp-content\/uploads\/2026\/04\/conteudo-sobre-eventos-do-esocial.avif\" class=\"attachment-full size-full wp-image-160\" alt=\"Conte\u00fado sobre Eventos do eSocial\" srcset=\"https:\/\/www.sistemametra.com.br\/blog\/wp-content\/uploads\/2026\/04\/conteudo-sobre-eventos-do-esocial.avif 1448w, https:\/\/www.sistemametra.com.br\/blog\/wp-content\/uploads\/2026\/04\/conteudo-sobre-eventos-do-esocial-300x225.avif 300w, https:\/\/www.sistemametra.com.br\/blog\/wp-content\/uploads\/2026\/04\/conteudo-sobre-eventos-do-esocial-1024x769.avif 1024w, https:\/\/www.sistemametra.com.br\/blog\/wp-content\/uploads\/2026\/04\/conteudo-sobre-eventos-do-esocial-768x577.avif 768w\" sizes=\"(max-width: 1448px) 100vw, 1448px\" \/><\/a><\/figure><div class=\"elementor-image-box-content\"><p class=\"elementor-image-box-title\"><a href=\"https:\/\/www.sistemametra.com.br\/blog\/categoria\/esocial\/eventos-do-sst\/\">Eventos do eSocial<\/a><\/p><p class=\"elementor-image-box-description\">Explica\u00e7\u00f5es sobre os principais eventos do eSocial, seus tipos, prazos, envios e retornos.<\/p><\/div><\/div>\t\t\t\t<\/div>\n\t\t\t\t<div class=\"elementor-element elementor-element-1225542 elementor-position-top elementor-widget elementor-widget-image-box\" data-id=\"1225542\" data-element_type=\"widget\" data-e-type=\"widget\" data-widget_type=\"image-box.default\">\n\t\t\t\t\t<div class=\"elementor-image-box-wrapper\"><figure class=\"elementor-image-box-img\"><a href=\"https:\/\/www.sistemametra.com.br\/blog\/categoria\/esocial\/obrigacoes-do-esocial\/\" tabindex=\"-1\"><img decoding=\"async\" width=\"1448\" height=\"1086\" src=\"https:\/\/www.sistemametra.com.br\/blog\/wp-content\/uploads\/2026\/04\/conteudo-sobre-obrigacoes-do-esocial.avif\" class=\"attachment-full size-full wp-image-159\" alt=\"Conte\u00fado sobre Obriga\u00e7\u00f5es do eSocial\" srcset=\"https:\/\/www.sistemametra.com.br\/blog\/wp-content\/uploads\/2026\/04\/conteudo-sobre-obrigacoes-do-esocial.avif 1448w, https:\/\/www.sistemametra.com.br\/blog\/wp-content\/uploads\/2026\/04\/conteudo-sobre-obrigacoes-do-esocial-300x225.avif 300w, https:\/\/www.sistemametra.com.br\/blog\/wp-content\/uploads\/2026\/04\/conteudo-sobre-obrigacoes-do-esocial-1024x769.avif 1024w, https:\/\/www.sistemametra.com.br\/blog\/wp-content\/uploads\/2026\/04\/conteudo-sobre-obrigacoes-do-esocial-768x577.avif 768w\" sizes=\"(max-width: 1448px) 100vw, 1448px\" \/><\/a><\/figure><div class=\"elementor-image-box-content\"><p class=\"elementor-image-box-title\"><a href=\"https:\/\/www.sistemametra.com.br\/blog\/categoria\/esocial\/obrigacoes-do-esocial\/\">Obriga\u00e7\u00f5es do eSocial<\/a><\/p><p class=\"elementor-image-box-description\">Informa\u00e7\u00f5es sobre responsabilidades, prazos, empresas obrigadas e cuidados para manter a conformidade.<\/p><\/div><\/div>\t\t\t\t<\/div>\n\t\t\t\t<div class=\"elementor-element elementor-element-bf346a0 elementor-position-top elementor-widget elementor-widget-image-box\" data-id=\"bf346a0\" data-element_type=\"widget\" data-e-type=\"widget\" data-widget_type=\"image-box.default\">\n\t\t\t\t\t<div class=\"elementor-image-box-wrapper\"><figure class=\"elementor-image-box-img\"><a href=\"https:\/\/www.sistemametra.com.br\/blog\/categoria\/esocial\/erros-e-validacoes\/\" tabindex=\"-1\"><img loading=\"lazy\" decoding=\"async\" width=\"1448\" height=\"1086\" src=\"https:\/\/www.sistemametra.com.br\/blog\/wp-content\/uploads\/2026\/04\/conteudo-sobre-erros-e-validacoes.avif\" class=\"attachment-full size-full wp-image-162\" alt=\"Conte\u00fado sobre Erros e Valida\u00e7\u00f5es\" srcset=\"https:\/\/www.sistemametra.com.br\/blog\/wp-content\/uploads\/2026\/04\/conteudo-sobre-erros-e-validacoes.avif 1448w, https:\/\/www.sistemametra.com.br\/blog\/wp-content\/uploads\/2026\/04\/conteudo-sobre-erros-e-validacoes-300x225.avif 300w, https:\/\/www.sistemametra.com.br\/blog\/wp-content\/uploads\/2026\/04\/conteudo-sobre-erros-e-validacoes-1024x769.avif 1024w, https:\/\/www.sistemametra.com.br\/blog\/wp-content\/uploads\/2026\/04\/conteudo-sobre-erros-e-validacoes-768x577.avif 768w\" sizes=\"(max-width: 1448px) 100vw, 1448px\" \/><\/a><\/figure><div class=\"elementor-image-box-content\"><p class=\"elementor-image-box-title\"><a href=\"https:\/\/www.sistemametra.com.br\/blog\/categoria\/esocial\/erros-e-validacoes\/\">Erros e Valida\u00e7\u00f5es<\/a><\/p><p class=\"elementor-image-box-description\">Guias sobre rejei\u00e7\u00f5es, inconsist\u00eancias, valida\u00e7\u00f5es e corre\u00e7\u00f5es no envio de eventos ao eSocial.<\/p><\/div><\/div>\t\t\t\t<\/div>\n\t\t\t\t<div class=\"elementor-element elementor-element-d6503cb elementor-position-top elementor-widget elementor-widget-image-box\" data-id=\"d6503cb\" data-element_type=\"widget\" data-e-type=\"widget\" data-widget_type=\"image-box.default\">\n\t\t\t\t\t<div class=\"elementor-image-box-wrapper\"><figure class=\"elementor-image-box-img\"><a href=\"https:\/\/www.sistemametra.com.br\/blog\/categoria\/esocial\/software-para-esocial\/\" tabindex=\"-1\"><img loading=\"lazy\" decoding=\"async\" width=\"1448\" height=\"1086\" src=\"https:\/\/www.sistemametra.com.br\/blog\/wp-content\/uploads\/2026\/04\/conteudo-sobre-software-para-esocial.avif\" class=\"attachment-full size-full wp-image-158\" alt=\"Conte\u00fado sobre Software para eSocial\" srcset=\"https:\/\/www.sistemametra.com.br\/blog\/wp-content\/uploads\/2026\/04\/conteudo-sobre-software-para-esocial.avif 1448w, https:\/\/www.sistemametra.com.br\/blog\/wp-content\/uploads\/2026\/04\/conteudo-sobre-software-para-esocial-300x225.avif 300w, https:\/\/www.sistemametra.com.br\/blog\/wp-content\/uploads\/2026\/04\/conteudo-sobre-software-para-esocial-1024x769.avif 1024w, https:\/\/www.sistemametra.com.br\/blog\/wp-content\/uploads\/2026\/04\/conteudo-sobre-software-para-esocial-768x577.avif 768w\" sizes=\"(max-width: 1448px) 100vw, 1448px\" \/><\/a><\/figure><div class=\"elementor-image-box-content\"><p class=\"elementor-image-box-title\"><a href=\"https:\/\/www.sistemametra.com.br\/blog\/categoria\/esocial\/software-para-esocial\/\">Software para eSocial<\/a><\/p><p class=\"elementor-image-box-description\">Conte\u00fados sobre sistemas, integra\u00e7\u00f5es e recursos para automatizar a gest\u00e3o e o envio de eventos ao eSocial.<\/p><\/div><\/div>\t\t\t\t<\/div>\n\t\t\t\t\t<\/div>\n\t\t\t\t<\/div>\n\t\t<div class=\"elementor-element elementor-element-b0e9579 e-flex e-con-boxed e-con e-parent\" data-id=\"b0e9579\" data-element_type=\"container\" data-e-type=\"container\">\n\t\t\t\t\t<div class=\"e-con-inner\">\n\t\t\t\t<div class=\"elementor-element elementor-element-0752ffa elementor-widget elementor-widget-spacer\" data-id=\"0752ffa\" data-element_type=\"widget\" data-e-type=\"widget\" data-widget_type=\"spacer.default\">\n\t\t\t\t\t\t\t<div class=\"elementor-spacer\">\n\t\t\t<div class=\"elementor-spacer-inner\"><\/div>\n\t\t<\/div>\n\t\t\t\t\t\t<\/div>\n\t\t\t\t\t<\/div>\n\t\t\t\t<\/div>\n\t\t<div class=\"elementor-element elementor-element-c44cf7b e-flex e-con-boxed e-con e-parent\" data-id=\"c44cf7b\" data-element_type=\"container\" data-e-type=\"container\">\n\t\t\t\t\t<div class=\"e-con-inner\">\n\t\t<div class=\"elementor-element elementor-element-5e4ab6e e-con-full e-flex e-con e-child\" data-id=\"5e4ab6e\" data-element_type=\"container\" data-e-type=\"container\">\n\t\t<div class=\"elementor-element elementor-element-12961c1 e-con-full e-flex e-con e-child\" data-id=\"12961c1\" data-element_type=\"container\" data-e-type=\"container\">\n\t\t<div class=\"elementor-element elementor-element-2bf4bb0 e-con-full e-flex e-con e-child\" data-id=\"2bf4bb0\" data-element_type=\"container\" data-e-type=\"container\">\n\t\t\t\t\t\t\t<h2 \n\t\tdata-interaction-id=\"947d20f\" \n\t\tclass=\"e-947d20f-cc28cda e-heading-base\" \n\t\t \n\t\tdata-e-type=\"widget\" data-id=\"947d20f\"\n\t>\n\t\n\t\t\tModernize a Gest\u00e3o de Sa\u00fade Ocupacional da sua empresa\n\t\t<\/h2>\n\t\t\t\t<\/div>\n\t\t<div class=\"elementor-element elementor-element-7e28e85 e-con-full e-flex e-con e-child\" data-id=\"7e28e85\" data-element_type=\"container\" data-e-type=\"container\">\n\t\t\t\t\t\t\t\t<p class=\"e-paragraph-base\" data-interaction-id=\"2f472d7\"  data-e-type=\"widget\" data-id=\"2f472d7\">\n\t\t\t\t\t\t\t\tAumente a efici\u00eancia da sua opera\u00e7\u00e3o com uma solu\u00e7\u00e3o que centraliza processos, reduz retrabalhos, melhora o controle de custos e fortalece a gest\u00e3o de SST de ponta a ponta.\n\t\t\t\t\t<\/p>\n\t\t\t\t<\/div>\n\t\t<div class=\"elementor-element elementor-element-60a8a06 e-con-full e-flex e-con e-child\" data-id=\"60a8a06\" data-element_type=\"container\" data-e-type=\"container\">\n\t\t\t\t\t    \t            <a\n            href=\"https:\/\/www.sistemametra.com.br\/contato\" target=\"_blank\"\n            class=\"e-84305ed-7e07f06 e-button-base\"\n            data-interaction-id=\"84305ed\"\n             data-e-type=\"widget\" data-id=\"84305ed\"\n        >\n            Saiba Mais\n        <\/a>\n    \t\t\t\t<\/div>\n\t\t\t\t<\/div>\n\t\t<div class=\"elementor-element elementor-element-839b8fc e-con-full e-flex e-con e-child\" data-id=\"839b8fc\" data-element_type=\"container\" data-e-type=\"container\">\n\t\t\t\t\t\t\t\n\t\t\t<img class=\"e-image-base e-5769f5b-04c8c2a\" \n\t\t\t\t\tdata-interaction-id=\"5769f5b\" \n\t\t \n\t\t data-e-type=\"widget\" data-id=\"5769f5b\"\n\t\t\t\t\t\t\t\t\tid=\"192\"\n\t\t\t\t\t\t\t\t\t\t\t\tsrc=\"https:\/\/www.sistemametra.com.br\/blog\/wp-content\/uploads\/2026\/04\/solicite-proposta-sistema-metra.webp\"\n\t\t\t\t\t\t\t\t\t\t\t\twidth=\"800\"\n\t\t\t\t\t\t\t\t\t\t\t\theight=\"800\"\n\t\t\t\t\t\t\t\t\t\t\t\tsrcset=\"https:\/\/www.sistemametra.com.br\/blog\/wp-content\/uploads\/2026\/04\/solicite-proposta-sistema-metra.webp 800w, https:\/\/www.sistemametra.com.br\/blog\/wp-content\/uploads\/2026\/04\/solicite-proposta-sistema-metra-300x300.webp 300w, https:\/\/www.sistemametra.com.br\/blog\/wp-content\/uploads\/2026\/04\/solicite-proposta-sistema-metra-150x150.webp 150w, https:\/\/www.sistemametra.com.br\/blog\/wp-content\/uploads\/2026\/04\/solicite-proposta-sistema-metra-768x768.webp 768w\"\n\t\t\t\t\t\t\t\t\t\t\t\talt=\"solicite uma proposta do software de sst da Metra\"\n\t\t\t\t\t\t\/>\n\t\t\t\t\t<\/div>\n\t\t\t\t<\/div>\n\t\t\t\t\t<\/div>\n\t\t\t\t<\/div>\n\t\t\t\t<\/div>\n\t\t","protected":false},"excerpt":{"rendered":"<p>Conte\u00fado sobre eSocial: Obriga\u00e7\u00f5es, Eventos e Gest\u00e3o Conte\u00fados sobre eSocial, eventos obrigat\u00f3rios, envio de informa\u00e7\u00f5es trabalhistas, previdenci\u00e1rias e de SST, prazos, erros comuns, integra\u00e7\u00e3o com sistemas e conformidade legal. Navegue pelo universo do eSocial eSocial SST Conte\u00fados sobre os eventos de SST no eSocial, como S-2210, S-2220 e S-2240, e suas exig\u00eancias legais. Eventos do [&hellip;]<\/p>\n","protected":false},"author":1,"featured_media":0,"parent":0,"menu_order":0,"comment_status":"closed","ping_status":"closed","template":"elementor_header_footer","meta":{"footnotes":""},"class_list":["post-43","page","type-page","status-publish","hentry"],"yoast_head":"<!-- This site is optimized with the Yoast SEO plugin v27.5 - https:\/\/yoast.com\/product\/yoast-seo-wordpress\/ -->\n<title>eSocial: Obriga\u00e7\u00f5es, Eventos e Gest\u00e3o | Blog Metra<\/title>\n<meta name=\"description\" content=\"Conte\u00fados sobre eSocial, eventos obrigat\u00f3rios, envio de informa\u00e7\u00f5es trabalhistas, previdenci\u00e1rias e de SST, prazos, erros comuns, integra\u00e7\u00e3o com sistemas e conformidade legal.\" \/>\n<meta name=\"robots\" content=\"index, follow, max-snippet:-1, max-image-preview:large, max-video-preview:-1\" \/>\n<link rel=\"canonical\" href=\"https:\/\/www.sistemametra.com.br\/blog\/esocial\/\" \/>\n<meta property=\"og:locale\" content=\"pt_BR\" \/>\n<meta property=\"og:type\" content=\"article\" \/>\n<meta property=\"og:title\" content=\"eSocial: Obriga\u00e7\u00f5es, Eventos e Gest\u00e3o\" \/>\n<meta property=\"og:description\" content=\"Conte\u00fados sobre eSocial, eventos obrigat\u00f3rios, envio de informa\u00e7\u00f5es trabalhistas, previdenci\u00e1rias e de SST, prazos, erros comuns, integra\u00e7\u00e3o com sistemas e conformidade legal.\" \/>\n<meta property=\"og:url\" content=\"https:\/\/www.sistemametra.com.br\/blog\/esocial\/\" \/>\n<meta property=\"og:site_name\" content=\"Blog Metra\" \/>\n<meta property=\"article:publisher\" content=\"https:\/\/www.facebook.com\/metraweb\" \/>\n<meta property=\"article:modified_time\" content=\"2026-04-26T18:08:30+00:00\" \/>\n<meta property=\"og:image\" content=\"https:\/\/www.sistemametra.com.br\/blog\/wp-content\/uploads\/2026\/04\/gestor-de-clinicas-de-sst.webp\" \/>\n<meta name=\"twitter:card\" content=\"summary_large_image\" \/>\n<meta name=\"twitter:title\" content=\"eSocial: Obriga\u00e7\u00f5es, Eventos e Gest\u00e3o\" \/>\n<meta name=\"twitter:description\" content=\"Conte\u00fados sobre eSocial, eventos obrigat\u00f3rios, envio de informa\u00e7\u00f5es trabalhistas, previdenci\u00e1rias e de SST, prazos, erros comuns, integra\u00e7\u00e3o com sistemas e conformidade legal.\" \/>\n<meta name=\"twitter:label1\" content=\"Est. tempo de leitura\" \/>\n\t<meta name=\"twitter:data1\" content=\"2 minutos\" \/>\n<script type=\"application\/ld+json\" class=\"yoast-schema-graph\">{\"@context\":\"https:\\\/\\\/schema.org\",\"@graph\":[{\"@type\":\"WebPage\",\"@id\":\"https:\\\/\\\/www.sistemametra.com.br\\\/blog\\\/esocial\\\/\",\"url\":\"https:\\\/\\\/www.sistemametra.com.br\\\/blog\\\/esocial\\\/\",\"name\":\"eSocial: Obriga\u00e7\u00f5es, Eventos e Gest\u00e3o | Blog Metra\",\"isPartOf\":{\"@id\":\"https:\\\/\\\/www.sistemametra.com.br\\\/blog\\\/#website\"},\"primaryImageOfPage\":{\"@id\":\"https:\\\/\\\/www.sistemametra.com.br\\\/blog\\\/esocial\\\/#primaryimage\"},\"image\":{\"@id\":\"https:\\\/\\\/www.sistemametra.com.br\\\/blog\\\/esocial\\\/#primaryimage\"},\"thumbnailUrl\":\"https:\\\/\\\/www.sistemametra.com.br\\\/blog\\\/wp-content\\\/uploads\\\/2026\\\/04\\\/gestor-de-clinicas-de-sst.webp\",\"datePublished\":\"2026-04-24T19:47:46+00:00\",\"dateModified\":\"2026-04-26T18:08:30+00:00\",\"description\":\"Conte\u00fados sobre eSocial, eventos obrigat\u00f3rios, envio de informa\u00e7\u00f5es trabalhistas, previdenci\u00e1rias e de SST, prazos, erros comuns, integra\u00e7\u00e3o com sistemas e conformidade legal.\",\"breadcrumb\":{\"@id\":\"https:\\\/\\\/www.sistemametra.com.br\\\/blog\\\/esocial\\\/#breadcrumb\"},\"inLanguage\":\"pt-BR\",\"potentialAction\":[{\"@type\":\"ReadAction\",\"target\":[\"https:\\\/\\\/www.sistemametra.com.br\\\/blog\\\/esocial\\\/\"]}]},{\"@type\":\"ImageObject\",\"inLanguage\":\"pt-BR\",\"@id\":\"https:\\\/\\\/www.sistemametra.com.br\\\/blog\\\/esocial\\\/#primaryimage\",\"url\":\"https:\\\/\\\/www.sistemametra.com.br\\\/blog\\\/wp-content\\\/uploads\\\/2026\\\/04\\\/gestor-de-clinicas-de-sst.webp\",\"contentUrl\":\"https:\\\/\\\/www.sistemametra.com.br\\\/blog\\\/wp-content\\\/uploads\\\/2026\\\/04\\\/gestor-de-clinicas-de-sst.webp\",\"width\":1062,\"height\":1297,\"caption\":\"fique por dentro das atualiza\u00e7\u00f5es de sst\"},{\"@type\":\"BreadcrumbList\",\"@id\":\"https:\\\/\\\/www.sistemametra.com.br\\\/blog\\\/esocial\\\/#breadcrumb\",\"itemListElement\":[{\"@type\":\"ListItem\",\"position\":1,\"name\":\"In\u00edcio\",\"item\":\"https:\\\/\\\/www.sistemametra.com.br\\\/blog\\\/\"},{\"@type\":\"ListItem\",\"position\":2,\"name\":\"eSocial\"}]},{\"@type\":\"WebSite\",\"@id\":\"https:\\\/\\\/www.sistemametra.com.br\\\/blog\\\/#website\",\"url\":\"https:\\\/\\\/www.sistemametra.com.br\\\/blog\\\/\",\"name\":\"Blog Metra\",\"description\":\"Conte\u00fado pr\u00e1tico sobre Sa\u00fade e Seguran\u00e7a do Trabalho: normas, documentos e obriga\u00e7\u00f5es explicados de forma direta para profissionais e empresas.\",\"publisher\":{\"@id\":\"https:\\\/\\\/www.sistemametra.com.br\\\/blog\\\/#organization\"},\"alternateName\":\"Sistema Metra\",\"potentialAction\":[{\"@type\":\"SearchAction\",\"target\":{\"@type\":\"EntryPoint\",\"urlTemplate\":\"https:\\\/\\\/www.sistemametra.com.br\\\/blog\\\/?s={search_term_string}\"},\"query-input\":{\"@type\":\"PropertyValueSpecification\",\"valueRequired\":true,\"valueName\":\"search_term_string\"}}],\"inLanguage\":\"pt-BR\"},{\"@type\":\"Organization\",\"@id\":\"https:\\\/\\\/www.sistemametra.com.br\\\/blog\\\/#organization\",\"name\":\"Sistema Metra\",\"url\":\"https:\\\/\\\/www.sistemametra.com.br\\\/blog\\\/\",\"logo\":{\"@type\":\"ImageObject\",\"inLanguage\":\"pt-BR\",\"@id\":\"https:\\\/\\\/www.sistemametra.com.br\\\/blog\\\/#\\\/schema\\\/logo\\\/image\\\/\",\"url\":\"https:\\\/\\\/www.sistemametra.com.br\\\/blog\\\/wp-content\\\/uploads\\\/2026\\\/04\\\/blog-metra.webp\",\"contentUrl\":\"https:\\\/\\\/www.sistemametra.com.br\\\/blog\\\/wp-content\\\/uploads\\\/2026\\\/04\\\/blog-metra.webp\",\"width\":800,\"height\":800,\"caption\":\"Sistema Metra\"},\"image\":{\"@id\":\"https:\\\/\\\/www.sistemametra.com.br\\\/blog\\\/#\\\/schema\\\/logo\\\/image\\\/\"},\"sameAs\":[\"https:\\\/\\\/www.facebook.com\\\/metraweb\",\"https:\\\/\\\/www.linkedin.com\\\/company\\\/metra-web\\\/?viewAsMember=true\",\"https:\\\/\\\/www.youtube.com\\\/@SistemaMetra\"]}]}<\/script>\n<!-- \/ Yoast SEO plugin. -->","yoast_head_json":{"title":"eSocial: Obriga\u00e7\u00f5es, Eventos e Gest\u00e3o | Blog Metra","description":"Conte\u00fados sobre eSocial, eventos obrigat\u00f3rios, envio de informa\u00e7\u00f5es trabalhistas, previdenci\u00e1rias e de SST, prazos, erros comuns, integra\u00e7\u00e3o com sistemas e conformidade legal.","robots":{"index":"index","follow":"follow","max-snippet":"max-snippet:-1","max-image-preview":"max-image-preview:large","max-video-preview":"max-video-preview:-1"},"canonical":"https:\/\/www.sistemametra.com.br\/blog\/esocial\/","og_locale":"pt_BR","og_type":"article","og_title":"eSocial: Obriga\u00e7\u00f5es, Eventos e Gest\u00e3o","og_description":"Conte\u00fados sobre eSocial, eventos obrigat\u00f3rios, envio de informa\u00e7\u00f5es trabalhistas, previdenci\u00e1rias e de SST, prazos, erros comuns, integra\u00e7\u00e3o com sistemas e conformidade legal.","og_url":"https:\/\/www.sistemametra.com.br\/blog\/esocial\/","og_site_name":"Blog Metra","article_publisher":"https:\/\/www.facebook.com\/metraweb","article_modified_time":"2026-04-26T18:08:30+00:00","og_image":[{"url":"https:\/\/www.sistemametra.com.br\/blog\/wp-content\/uploads\/2026\/04\/gestor-de-clinicas-de-sst.webp","type":"","width":"","height":""}],"twitter_card":"summary_large_image","twitter_title":"eSocial: Obriga\u00e7\u00f5es, Eventos e Gest\u00e3o","twitter_description":"Conte\u00fados sobre eSocial, eventos obrigat\u00f3rios, envio de informa\u00e7\u00f5es trabalhistas, previdenci\u00e1rias e de SST, prazos, erros comuns, integra\u00e7\u00e3o com sistemas e conformidade legal.","twitter_misc":{"Est. tempo de leitura":"2 minutos"},"schema":{"@context":"https:\/\/schema.org","@graph":[{"@type":"WebPage","@id":"https:\/\/www.sistemametra.com.br\/blog\/esocial\/","url":"https:\/\/www.sistemametra.com.br\/blog\/esocial\/","name":"eSocial: Obriga\u00e7\u00f5es, Eventos e Gest\u00e3o | Blog Metra","isPartOf":{"@id":"https:\/\/www.sistemametra.com.br\/blog\/#website"},"primaryImageOfPage":{"@id":"https:\/\/www.sistemametra.com.br\/blog\/esocial\/#primaryimage"},"image":{"@id":"https:\/\/www.sistemametra.com.br\/blog\/esocial\/#primaryimage"},"thumbnailUrl":"https:\/\/www.sistemametra.com.br\/blog\/wp-content\/uploads\/2026\/04\/gestor-de-clinicas-de-sst.webp","datePublished":"2026-04-24T19:47:46+00:00","dateModified":"2026-04-26T18:08:30+00:00","description":"Conte\u00fados sobre eSocial, eventos obrigat\u00f3rios, envio de informa\u00e7\u00f5es trabalhistas, previdenci\u00e1rias e de SST, prazos, erros comuns, integra\u00e7\u00e3o com sistemas e conformidade legal.","breadcrumb":{"@id":"https:\/\/www.sistemametra.com.br\/blog\/esocial\/#breadcrumb"},"inLanguage":"pt-BR","potentialAction":[{"@type":"ReadAction","target":["https:\/\/www.sistemametra.com.br\/blog\/esocial\/"]}]},{"@type":"ImageObject","inLanguage":"pt-BR","@id":"https:\/\/www.sistemametra.com.br\/blog\/esocial\/#primaryimage","url":"https:\/\/www.sistemametra.com.br\/blog\/wp-content\/uploads\/2026\/04\/gestor-de-clinicas-de-sst.webp","contentUrl":"https:\/\/www.sistemametra.com.br\/blog\/wp-content\/uploads\/2026\/04\/gestor-de-clinicas-de-sst.webp","width":1062,"height":1297,"caption":"fique por dentro das atualiza\u00e7\u00f5es de sst"},{"@type":"BreadcrumbList","@id":"https:\/\/www.sistemametra.com.br\/blog\/esocial\/#breadcrumb","itemListElement":[{"@type":"ListItem","position":1,"name":"In\u00edcio","item":"https:\/\/www.sistemametra.com.br\/blog\/"},{"@type":"ListItem","position":2,"name":"eSocial"}]},{"@type":"WebSite","@id":"https:\/\/www.sistemametra.com.br\/blog\/#website","url":"https:\/\/www.sistemametra.com.br\/blog\/","name":"Blog Metra","description":"Conte\u00fado pr\u00e1tico sobre Sa\u00fade e Seguran\u00e7a do Trabalho: normas, documentos e obriga\u00e7\u00f5es explicados de forma direta para profissionais e empresas.","publisher":{"@id":"https:\/\/www.sistemametra.com.br\/blog\/#organization"},"alternateName":"Sistema Metra","potentialAction":[{"@type":"SearchAction","target":{"@type":"EntryPoint","urlTemplate":"https:\/\/www.sistemametra.com.br\/blog\/?s={search_term_string}"},"query-input":{"@type":"PropertyValueSpecification","valueRequired":true,"valueName":"search_term_string"}}],"inLanguage":"pt-BR"},{"@type":"Organization","@id":"https:\/\/www.sistemametra.com.br\/blog\/#organization","name":"Sistema Metra","url":"https:\/\/www.sistemametra.com.br\/blog\/","logo":{"@type":"ImageObject","inLanguage":"pt-BR","@id":"https:\/\/www.sistemametra.com.br\/blog\/#\/schema\/logo\/image\/","url":"https:\/\/www.sistemametra.com.br\/blog\/wp-content\/uploads\/2026\/04\/blog-metra.webp","contentUrl":"https:\/\/www.sistemametra.com.br\/blog\/wp-content\/uploads\/2026\/04\/blog-metra.webp","width":800,"height":800,"caption":"Sistema Metra"},"image":{"@id":"https:\/\/www.sistemametra.com.br\/blog\/#\/schema\/logo\/image\/"},"sameAs":["https:\/\/www.facebook.com\/metraweb","https:\/\/www.linkedin.com\/company\/metra-web\/?viewAsMember=true","https:\/\/www.youtube.com\/@SistemaMetra"]}]}},"_links":{"self":[{"href":"https:\/\/www.sistemametra.com.br\/blog\/wp-json\/wp\/v2\/pages\/43","targetHints":{"allow":["GET"]}}],"collection":[{"href":"https:\/\/www.sistemametra.com.br\/blog\/wp-json\/wp\/v2\/pages"}],"about":[{"href":"https:\/\/www.sistemametra.com.br\/blog\/wp-json\/wp\/v2\/types\/page"}],"author":[{"embeddable":true,"href":"https:\/\/www.sistemametra.com.br\/blog\/wp-json\/wp\/v2\/users\/1"}],"replies":[{"embeddable":true,"href":"https:\/\/www.sistemametra.com.br\/blog\/wp-json\/wp\/v2\/comments?post=43"}],"version-history":[{"count":37,"href":"https:\/\/www.sistemametra.com.br\/blog\/wp-json\/wp\/v2\/pages\/43\/revisions"}],"predecessor-version":[{"id":447,"href":"https:\/\/www.sistemametra.com.br\/blog\/wp-json\/wp\/v2\/pages\/43\/revisions\/447"}],"wp:attachment":[{"href":"https:\/\/www.sistemametra.com.br\/blog\/wp-json\/wp\/v2\/media?parent=43"}],"curies":[{"name":"wp","href":"https:\/\/api.w.org\/{rel}","templated":true}]}}